{"id":796,"date":"2021-02-11T16:10:19","date_gmt":"2021-02-11T16:10:19","guid":{"rendered":"http:\/\/nuevo.solernaharro.com\/abogados-accidentes-de-trafico\/"},"modified":"2021-09-02T10:03:48","modified_gmt":"2021-09-02T10:03:48","slug":"advocats-accidents-de-transit","status":"publish","type":"page","link":"https:\/\/solernaharro.com\/ca\/advocats-accidents-de-transit\/","title":{"rendered":"Advocats accidents de tr\u00e0nsit"},"content":{"rendered":"<p>[vc_row css_animation=&#8221;&#8221; row_type=&#8221;row&#8221; use_row_as_full_screen_section=&#8221;no&#8221; type=&#8221;grid&#8221; angled_section=&#8221;no&#8221; text_align=&#8221;left&#8221; background_image_as_pattern=&#8221;without_pattern&#8221; z_index=&#8221;&#8221; background_color=&#8221;#000000&#8243; padding_top=&#8221;0&#8243; padding_bottom=&#8221;0&#8243;][vc_column offset=&#8221;vc_hidden-sm vc_hidden-xs&#8221;][vc_empty_space height=&#8221;20px&#8221; css=&#8221;.vc_custom_1612886833805{margin-top: 0px !important;margin-right: 0px !important;margin-bottom: 0px !important;margin-left: 0px !important;padding-top: 0px !important;padding-right: 0px !important;padding-bottom: 0px !important;padding-left: 0px !important;}&#8221;][vc_raw_html]JTNDaDElMjBjbGFzcyUzRCUyMnRpdHVsb3NlcnZpY2lvJTIyJTNFQWR2b2NhdHMlMjBhY2NpZGVudHMlMjBkZSUyMHRyJUMzJUEwbnNpdCUyMCUzQyUyRmgxJTNFJTNDcCUyMGNsYXNzJTNEJTIyY2xhdmUlMjIlM0UlM0NpbWclMjBjbGFzcyUzRCUyMmltZ2gxJTIyJTIwc3JjJTNEJTIyJTJGd3AtY29udGVudCUyRnVwbG9hZHMlMkYyMDIxJTJGMDglMkZjYXItYWNjaWRlbnQucG5nJTIyJTIwJTVDJTNFJTNDJTJGcCUzRQ==[\/vc_raw_html][vc_empty_space height=&#8221;20px&#8221; css=&#8221;.vc_custom_1612886833805{margin-top: 0px !important;margin-right: 0px !important;margin-bottom: 0px !important;margin-left: 0px !important;padding-top: 0px !important;padding-right: 0px !important;padding-bottom: 0px !important;padding-left: 0px !important;}&#8221;][\/vc_column][\/vc_row][vc_row css_animation=&#8221;&#8221; row_type=&#8221;row&#8221; use_row_as_full_screen_section=&#8221;no&#8221; type=&#8221;grid&#8221; angled_section=&#8221;no&#8221; text_align=&#8221;center&#8221; background_image_as_pattern=&#8221;without_pattern&#8221; z_index=&#8221;&#8221; background_color=&#8221;#000000&#8243; padding_top=&#8221;0&#8243; padding_bottom=&#8221;0&#8243; el_class=&#8221;tituloservicio2&#8243;][vc_column offset=&#8221;vc_hidden-lg vc_hidden-md&#8221;][vc_empty_space height=&#8221;20px&#8221; css=&#8221;.vc_custom_1612886833805{margin-top: 0px !important;margin-right: 0px !important;margin-bottom: 0px !important;margin-left: 0px !important;padding-top: 0px !important;padding-right: 0px !important;padding-bottom: 0px !important;padding-left: 0px !important;}&#8221;][vc_raw_html]JTNDaDElMjBjbGFzcyUzRCUyMnRpdHVsb3NlcnZpY2lvJTIyJTNFQWR2b2NhdHMlMjBhY2NpZGVudHMlMjBkZSUyMHRyJUMzJUEwbnNpdCUyMCUzQyUyRmgxJTNFJTNDcCUyMGNsYXNzJTNEJTIyY2xhdmUlMjIlM0UlM0NpbWclMjBjbGFzcyUzRCUyMmltZ2gxJTIyJTIwc3JjJTNEJTIyJTJGd3AtY29udGVudCUyRnVwbG9hZHMlMkYyMDIxJTJGMDglMkZjYXItYWNjaWRlbnQucG5nJTIyJTIwJTVDJTNFJTNDJTJGcCUzRQ==[\/vc_raw_html][vc_empty_space height=&#8221;20px&#8221; css=&#8221;.vc_custom_1612886833805{margin-top: 0px !important;margin-right: 0px !important;margin-bottom: 0px !important;margin-left: 0px !important;padding-top: 0px !important;padding-right: 0px !important;padding-bottom: 0px !important;padding-left: 0px !important;}&#8221;][\/vc_column][\/vc_row][vc_row css_animation=&#8221;&#8221; row_type=&#8221;row&#8221; use_row_as_full_screen_section=&#8221;no&#8221; type=&#8221;grid&#8221; angled_section=&#8221;no&#8221; text_align=&#8221;left&#8221; background_image_as_pattern=&#8221;without_pattern&#8221; usi_row_as_full_screen_section=&#8221;no&#8221; z_index=&#8221;&#8221; padding_top=&#8221;60&#8243; padding_bottom=&#8221;50&#8243;][vc_column][vc_column_text]Soler Naharro \u00e9s un <strong>despatx amb m\u00e9s de vint anys d&#8217;experi\u00e8ncia i format per un equip d&#8217;advocats especialitzats en accidents de tr\u00e0nsit<\/strong>. Si vol trobar informaci\u00f3 sobre les conseq\u00fc\u00e8ncies legals que poden derivar d&#8217;un sinistre al volant, les responsabilitats del culpable o la possible indemnitzaci\u00f3 per accident que pugui correspondre-li, est\u00e0 en el lloc adequat.[\/vc_column_text][vc_empty_space height=&#8221;20px&#8221;][vc_column_text]La nostra principal missi\u00f3, encara que no l&#8217;\u00fanica, ser\u00e0 assessorar-lo i acompanyar-li en aquest proc\u00e9s que pot ser conf\u00fas i tedi\u00f3s sense l&#8217;ajuda d&#8217;un <strong>professional amb experi\u00e8ncia com a advocat d&#8217;accidents de tr\u00e0nsit<\/strong>. Sofrir un contratemps d&#8217;aquest tipus \u00e9s sempre desagradable i dolor\u00f3s, per\u00f2 sens dubte ser\u00e0 menys traum\u00e0tic si compta amb el comprom\u00eds hum\u00e0 del nostre equip d&#8217;especialistes.[\/vc_column_text][\/vc_column][\/vc_row][vc_row css_animation=&#8221;&#8221; row_type=&#8221;row&#8221; use_row_as_full_screen_section=&#8221;no&#8221; type=&#8221;grid&#8221; angled_section=&#8221;no&#8221; text_align=&#8221;left&#8221; background_image_as_pattern=&#8221;without_pattern&#8221; usi_row_as_full_screen_section=&#8221;no&#8221; z_index=&#8221;&#8221;][vc_column el_class=&#8221;servicios2&#8243;][vc_row_inner row_type=&#8221;row&#8221; type=&#8221;full_width&#8221; text_align=&#8221;left&#8221; css_animation=&#8221;&#8221;][vc_column_inner width=&#8221;5\/12&#8243; css=&#8221;.vc_custom_1612885936837{padding-top: 40px !important;padding-right: 40px !important;padding-bottom: 40px !important;padding-left: 40px !important;}&#8221;]<div id=\"mpc_icon_list-1669f33fc65b755\" class=\"mpc-icon-list mpc-init mpc-icon--left mpc-typography--preset_0 \"><ul class=\"mpc-list__ul\"><li class=\"mpc-list__item mpc-parent-hover mpc-transition\" data-index=\"0\"><div class=\"mpc-list__icon\"><div data-id=\"mpc_icon-3169f33fc65ba88\" class=\"mpc-icon mpc-init mpc-transition mpc-effect-none mpc-icon--image \"><div class=\"mpc-icon-wrap\"><i class=\"mpc-icon-part mpc-regular mpc-transition \"><img loading=\"lazy\" decoding=\"async\" width=\"44\" height=\"46\" src=\"https:\/\/solernaharro.com\/wp-content\/uploads\/2021\/02\/punto.jpg\" class=\"attachment-full\" alt=\"\" \/><\/i><\/div><\/div><\/div><span class=\"mpc-list__title\">Lluitarem pels seus interessos<\/span><\/li><li class=\"mpc-list__item mpc-parent-hover mpc-transition\" data-index=\"1\"><div class=\"mpc-list__icon\"><div data-id=\"mpc_icon-3169f33fc65ba88\" class=\"mpc-icon mpc-init mpc-transition mpc-effect-none mpc-icon--image \"><div class=\"mpc-icon-wrap\"><i class=\"mpc-icon-part mpc-regular mpc-transition \"><img loading=\"lazy\" decoding=\"async\" width=\"44\" height=\"46\" src=\"https:\/\/solernaharro.com\/wp-content\/uploads\/2021\/02\/punto.jpg\" class=\"attachment-full\" alt=\"\" \/><\/i><\/div><\/div><\/div><span class=\"mpc-list__title\">Assessoria integral en cada tr\u00e0mit<\/span><\/li><li class=\"mpc-list__item mpc-parent-hover mpc-transition\" data-index=\"2\"><div class=\"mpc-list__icon\"><div data-id=\"mpc_icon-3169f33fc65ba88\" class=\"mpc-icon mpc-init mpc-transition mpc-effect-none mpc-icon--image \"><div class=\"mpc-icon-wrap\"><i class=\"mpc-icon-part mpc-regular mpc-transition \"><img loading=\"lazy\" decoding=\"async\" width=\"44\" height=\"46\" src=\"https:\/\/solernaharro.com\/wp-content\/uploads\/2021\/02\/punto.jpg\" class=\"attachment-full\" alt=\"\" \/><\/i><\/div><\/div><\/div><span class=\"mpc-list__title\">Treballem m\u00e0 a m\u00e0 amb cl\u00edniques especialitzades<\/span><\/li><li class=\"mpc-list__item mpc-parent-hover mpc-transition\" data-index=\"3\"><div class=\"mpc-list__icon\"><div data-id=\"mpc_icon-3169f33fc65ba88\" class=\"mpc-icon mpc-init mpc-transition mpc-effect-none mpc-icon--image \"><div class=\"mpc-icon-wrap\"><i class=\"mpc-icon-part mpc-regular mpc-transition \"><img loading=\"lazy\" decoding=\"async\" width=\"44\" height=\"46\" src=\"https:\/\/solernaharro.com\/wp-content\/uploads\/2021\/02\/punto.jpg\" class=\"attachment-full\" alt=\"\" \/><\/i><\/div><\/div><\/div><span class=\"mpc-list__title\">No treballem amb les companyies d'asseguran\u00e7a<\/span><\/li><li class=\"mpc-list__item mpc-parent-hover mpc-transition\" data-index=\"4\"><div class=\"mpc-list__icon\"><div data-id=\"mpc_icon-3169f33fc65ba88\" class=\"mpc-icon mpc-init mpc-transition mpc-effect-none mpc-icon--image \"><div class=\"mpc-icon-wrap\"><i class=\"mpc-icon-part mpc-regular mpc-transition \"><img loading=\"lazy\" decoding=\"async\" width=\"44\" height=\"46\" src=\"https:\/\/solernaharro.com\/wp-content\/uploads\/2021\/02\/punto.jpg\" class=\"attachment-full\" alt=\"\" \/><\/i><\/div><\/div><\/div><span class=\"mpc-list__title\">Nom\u00e9s cobrem si vost\u00e8 cobra<\/span><\/li><\/ul><\/div>[\/vc_column_inner][vc_column_inner width=&#8221;7\/12&#8243; css=&#8221;.vc_custom_1613059812434{background-image: url(http:\/\/solernaharro.com\/wp-content\/uploads\/2021\/02\/road-accident-with-smashed-cars.jpg?aneu=746) !important;background-position: center !important;background-repeat: no-repeat !important;background-size: cover !important;}&#8221;][vc_empty_space height=&#8221;300px&#8221;][vc_empty_space height=&#8221;50px&#8221;][vc_empty_space height=&#8221;50px&#8221;][vc_empty_space height=&#8221;60px&#8221;][\/vc_column_inner][\/vc_row_inner][\/vc_column][\/vc_row][vc_row css_animation=&#8221;&#8221; row_type=&#8221;row&#8221; use_row_as_full_screen_section=&#8221;no&#8221; type=&#8221;grid&#8221; angled_section=&#8221;no&#8221; text_align=&#8221;left&#8221; background_image_as_pattern=&#8221;without_pattern&#8221; usi_row_as_full_screen_section=&#8221;no&#8221; z_index=&#8221;&#8221; padding_top=&#8221;60&#8243; padding_bottom=&#8221;50&#8243;][vc_column][vc_column_text]Treballem m\u00e0 a m\u00e0 amb cl\u00edniques especialistes en rehabilitaci\u00f3 i peritatges, que podran valorar les lesions i danys causats que ens serviran de base per a calcular <strong>la seva indemnitzaci\u00f3 per accident de circulaci\u00f3<\/strong>. Perqu\u00e8 el principal, per descomptat, \u00e9s recuperar completament la salut, per\u00f2 tamb\u00e9 recuperar qualsevol despesa o perjudici econ\u00f2mic causat per l&#8217;incident.[\/vc_column_text][\/vc_column][\/vc_row][vc_row css_animation=&#8221;&#8221; row_type=&#8221;row&#8221; use_row_as_full_screen_section=&#8221;no&#8221; type=&#8221;grid&#8221; angled_section=&#8221;no&#8221; text_align=&#8221;left&#8221; background_image_as_pattern=&#8221;without_pattern&#8221; usi_row_as_full_screen_section=&#8221;no&#8221; z_index=&#8221;&#8221; css=&#8221;.vc_custom_1612887507678{margin-right: 0px !important;margin-left: 0px !important;padding-right: 0px !important;padding-left: 0px !important;}&#8221;][vc_column width=&#8221;7\/12&#8243;][vc_column_text]Si se sent identificat i vost\u00e8 mateix ha sofert un succ\u00e9s d&#8217;aquest tipus, ha d&#8217;informar-se dels seus drets com a v\u00edctima a l&#8217;hora de sol\u00b7licitar una indemnitzaci\u00f3 per l&#8217;accident. El nostre equip multidisciplinari de metges, perits i advocats especialitzats en accidents de tr\u00e0nsit es posaran a treballar amb vost\u00e8 per a recuperar el valor de les p\u00e8rdues materials sofertes, rescabalar qualsevol despesa m\u00e8dica que hagi tingut i estudiar les possibles<strong> compensacions per danys f\u00edsics i morals <\/strong>que li puguin correspondre.[\/vc_column_text][vc_empty_space height=&#8221;20px&#8221;][vc_column_text]No treballem amb les companyies d&#8217;asseguran\u00e7a, que solen respondre \u00fanicament als seus propis interessos. Nosaltres vetllem pel seu. Per tant, li convidem a consultar amb el nostre <strong>equip d&#8217;advocats d&#8217;accidents de tr\u00e0nsit<\/strong> abans d&#8217;acceptar qualsevol proposta per part de l&#8217;asseguradora, sigui la seva pr\u00f2pia o la del contrari. Ser\u00e0 vost\u00e8 qui tingui l&#8217;\u00faltima paraula i prengui la decisi\u00f3 final sobre la possibilitat d&#8217;acudir als Tribunals, per\u00f2 sempre ho far\u00e0 amb ple coneixement dels seus drets.[\/vc_column_text][vc_empty_space height=&#8221;40px&#8221;][vc_single_image image=&#8221;638&#8243; img_size=&#8221;full&#8221; alignment=&#8221;center&#8221; qode_css_animation=&#8221;&#8221;][vc_empty_space height=&#8221;40px&#8221;][vc_row_inner row_type=&#8221;row&#8221; type=&#8221;full_width&#8221; text_align=&#8221;left&#8221; css_animation=&#8221;&#8221;][vc_column_inner el_class=&#8221;servicios2&#8243; css=&#8221;.vc_custom_1612887283386{padding-top: 40px !important;padding-right: 40px !important;padding-bottom: 40px !important;padding-left: 40px !important;}&#8221;][vc_column_text]<strong>La seva prioritat ha de ser recuperar-se totalment de les lesions produ\u00efdes en l&#8217;accident; la nostra, que es faci just\u00edcia i vost\u00e8 rebi la major indemnitzaci\u00f3. I aix\u00f2 nom\u00e9s s&#8217;aconsegueix tenint el millor equip d&#8217;advocats especialistes en accidents de tr\u00e0nsit de Barcelona\u2026<\/strong><\/p>\n<p><span style=\"color: #710000;\"><strong>Mentre abans ens posem amb el seu cas, menys errors es cometran. Ens deixa ajudar-lo?<\/strong><\/span>[\/vc_column_text][\/vc_column_inner][\/vc_row_inner][vc_empty_space height=&#8221;50px&#8221;][\/vc_column][vc_column width=&#8221;1\/12&#8243;][\/vc_column][vc_column width=&#8221;1\/3&#8243; css=&#8221;.vc_custom_1612887514186{margin-right: 0px !important;margin-left: 0px !important;padding-right: 0px !important;padding-left: 0px !important;}&#8221;][vc_column_text]<\/p>\n<p class=\"tituloform\" style=\"text-align: center;\"><span style=\"color: #710000;\">Ens explica el seu cas?<\/span><\/p>\n<p>[\/vc_column_text][vc_empty_space height=&#8221;20px&#8221; css=&#8221;.vc_custom_1612886833805{margin-top: 0px !important;margin-right: 0px !important;margin-bottom: 0px !important;margin-left: 0px !important;padding-top: 0px !important;padding-right: 0px !important;padding-bottom: 0px !important;padding-left: 0px !important;}&#8221;][vc_empty_space height=&#8221;20px&#8221; css=&#8221;.vc_custom_1612886833805{margin-top: 0px !important;margin-right: 0px !important;margin-bottom: 0px !important;margin-left: 0px !important;padding-top: 0px !important;padding-right: 0px !important;padding-bottom: 0px !important;padding-left: 0px !important;}&#8221;][vc_row_inner row_type=&#8221;row&#8221; type=&#8221;full_width&#8221; text_align=&#8221;left&#8221; css_animation=&#8221;&#8221; css=&#8221;.vc_custom_1612887745290{margin-right: 0px !important;margin-left: 0px !important;}&#8221;][vc_column_inner css=&#8221;.vc_custom_1612887657447{padding-top: 30px !important;padding-right: 30px !important;padding-bottom: 30px !important;padding-left: 30px !important;background-color: #cfcfcf !important;}&#8221;]\n<div class=\"wpcf7 no-js\" id=\"wpcf7-f842-o1\" lang=\"es-ES\" dir=\"ltr\" data-wpcf7-id=\"842\">\n<div class=\"screen-reader-response\"><p role=\"status\" aria-live=\"polite\" aria-atomic=\"true\"><\/p> <ul><\/ul><\/div>\n<form action=\"\/ca\/wp-json\/wp\/v2\/pages\/796#wpcf7-f842-o1\" method=\"post\" class=\"wpcf7-form init default\" aria-label=\"Formulario de contacto\" novalidate=\"novalidate\" data-status=\"init\">\n<fieldset class=\"hidden-fields-container\"><input type=\"hidden\" name=\"_wpcf7\" value=\"842\" \/><input type=\"hidden\" name=\"_wpcf7_version\" value=\"6.1.1\" \/><input type=\"hidden\" name=\"_wpcf7_locale\" value=\"es_ES\" \/><input type=\"hidden\" name=\"_wpcf7_unit_tag\" value=\"wpcf7-f842-o1\" \/><input type=\"hidden\" name=\"_wpcf7_container_post\" value=\"0\" \/><input type=\"hidden\" name=\"_wpcf7_posted_data_hash\" value=\"\" \/><input type=\"hidden\" name=\"_wpcf7_recaptcha_response\" value=\"\" \/>\n<\/fieldset>\n<p><span class=\"wpcf7-form-control-wrap\" data-name=\"your-name\"><input size=\"40\" maxlength=\"400\" class=\"wpcf7-form-control wpcf7-text wpcf7-validates-as-required\" aria-required=\"true\" aria-invalid=\"false\" placeholder=\"Nom i Cognoms\" value=\"\" type=\"text\" name=\"your-name\" \/><\/span><br \/>\n<span class=\"wpcf7-form-control-wrap\" data-name=\"your-email\"><input size=\"40\" maxlength=\"400\" class=\"wpcf7-form-control wpcf7-email wpcf7-validates-as-required wpcf7-text wpcf7-validates-as-email\" aria-required=\"true\" aria-invalid=\"false\" placeholder=\"Email\" value=\"\" type=\"email\" name=\"your-email\" \/><\/span><br \/>\n<span class=\"wpcf7-form-control-wrap\" data-name=\"your-subject\"><input size=\"40\" maxlength=\"400\" class=\"wpcf7-form-control wpcf7-text wpcf7-validates-as-required\" aria-required=\"true\" aria-invalid=\"false\" placeholder=\"Tel\u00e8fon\" value=\"\" type=\"text\" name=\"your-subject\" \/><\/span>\n<\/p>\n<p><span class=\"wpcf7-form-control-wrap\" data-name=\"your-message\"><textarea cols=\"40\" rows=\"10\" maxlength=\"2000\" class=\"wpcf7-form-control wpcf7-textarea\" aria-invalid=\"false\" placeholder=\"En qu\u00e8 podem ajudar-te?\" name=\"your-message\"><\/textarea><\/span>\n<\/p>\n<div class=\"int\">\n\t<p><input class=\"wpcf7-form-control wpcf7-submit has-spinner\" type=\"submit\" value=\"Rebre informaci\u00f3\" \/>\n\t<\/p>\n<\/div>\n<div style=\"padding-top:20px;\">\n\t<p><span class=\"wpcf7-form-control-wrap\" data-name=\"acceptance-130\"><span class=\"wpcf7-form-control wpcf7-acceptance optional\"><span class=\"wpcf7-list-item\"><label><input type=\"checkbox\" name=\"acceptance-130\" value=\"1\" aria-invalid=\"false\" \/><span class=\"wpcf7-list-item-label\"><span style=\"font-size:14px\">Accepto la <a href=\"\/ca\/avis-legal\/\" target=\"_blank\">pol\u00edtica de privacitat<\/a><\/span><\/span><\/label><\/span><\/span><\/span>\n\t<\/p>\n<\/div><div class=\"wpcf7-response-output\" aria-hidden=\"true\"><\/div>\n<\/form>\n<\/div>\n[\/vc_column_inner][\/vc_row_inner][vc_empty_space css=&#8221;.vc_custom_1612886661116{margin-top: 0px !important;margin-right: 0px !important;margin-bottom: 0px !important;margin-left: 0px !important;padding-top: 0px !important;padding-right: 0px !important;padding-bottom: 0px !important;padding-left: 0px !important;background-color: #a8a8a8 !important;}&#8221;][\/vc_column][\/vc_row][vc_row css_animation=&#8221;&#8221; row_type=&#8221;row&#8221; use_row_as_full_screen_section=&#8221;no&#8221; type=&#8221;grid&#8221; angled_section=&#8221;no&#8221; text_align=&#8221;left&#8221; background_image_as_pattern=&#8221;without_pattern&#8221; usi_row_as_full_screen_section=&#8221;no&#8221; z_index=&#8221;&#8221; el_id=&#8221;serveis&#8221;][vc_column][vc_empty_space height=&#8221;50px&#8221;][\/vc_column][\/vc_row][vc_row css_animation=&#8221;&#8221; row_type=&#8221;row&#8221; use_row_as_full_screen_section=&#8221;no&#8221; type=&#8221;grid&#8221; angled_section=&#8221;no&#8221; text_align=&#8221;left&#8221; background_image_as_pattern=&#8221;without_pattern&#8221; usi_row_as_full_screen_section=&#8221;no&#8221; z_index=&#8221;&#8221;][vc_column width=&#8221;1\/3&#8243; css=&#8221;.vc_custom_1591197583482{padding-top: 10px !important;padding-bottom: 10px !important;background-image: url(http:\/\/solernaharro.com\/wp-content\/uploads\/2020\/06\/patron11.png?id=531) !important;}&#8221;][vc_column_text]<\/p>\n<p class=\"areas3\" style=\"text-align: center;\"><span style=\"color: #ffffff;\"><strong>Els nostres Serveis<\/strong><\/span><\/p>\n<p>[\/vc_column_text][\/vc_column][vc_column width=&#8221;2\/3&#8243; css=&#8221;.vc_custom_1591197576934{padding-top: 10px !important;padding-bottom: 10px !important;background-color: #320000 !important;}&#8221;][vc_column_text]<\/p>\n<p class=\"areas2\" style=\"text-align: right;\"><span style=\"color: #ffffff;\"><strong>Accidents de tr\u00e0nsit<\/strong><\/span><\/p>\n<p>[\/vc_column_text][\/vc_column][\/vc_row][vc_row css_animation=&#8221;&#8221; row_type=&#8221;row&#8221; use_row_as_full_screen_section=&#8221;no&#8221; type=&#8221;full_width&#8221; angled_section=&#8221;no&#8221; text_align=&#8221;left&#8221; background_image_as_pattern=&#8221;without_pattern&#8221; usi_row_as_full_screen_section=&#8221;no&#8221;][vc_column][vc_empty_space height=&#8221;50px&#8221;][\/vc_column][\/vc_row][vc_row css_animation=&#8221;&#8221; row_type=&#8221;row&#8221; use_row_as_full_screen_section=&#8221;no&#8221; type=&#8221;grid&#8221; angled_section=&#8221;no&#8221; text_align=&#8221;left&#8221; background_image_as_pattern=&#8221;without_pattern&#8221; usi_row_as_full_screen_section=&#8221;no&#8221; z_index=&#8221;&#8221;][vc_column width=&#8221;1\/2&#8243;]<a href=\"\/ca\/indemnitzacio-per-accident\/\" title=\"\"  data-id=\"mpc_icon_column-1869f33fc65d656\" class=\"mpc-icon-column mpc-init mpc-parent-hover mpc-transition mpc-icon-column--style_3 mpc-align--center servhome\" ><div data-id=\"mpc_icon-4069f33fc65dd16\" class=\"mpc-icon mpc-init mpc-transition mpc-effect-none mpc-icon-hover mpc-icon--image \"><div class=\"mpc-icon-wrap\"><i class=\"mpc-icon-part mpc-regular mpc-transition \"><img loading=\"lazy\" decoding=\"async\" width=\"160\" height=\"172\" src=\"https:\/\/solernaharro.com\/wp-content\/uploads\/2020\/06\/acc1.png\" class=\"attachment-full\" alt=\"\" \/><\/i><i class=\"mpc-icon-part mpc-hover mpc-transition \"><img loading=\"lazy\" decoding=\"async\" width=\"160\" height=\"172\" src=\"https:\/\/solernaharro.com\/wp-content\/uploads\/2020\/06\/acc1b-1.png\" class=\"attachment-full\" alt=\"\" \/><\/i><\/div><\/div><div class=\"mpc-icon-column__content-wrap\"><div class=\"mpc-icon-column__content\"><h3 class=\"mpc-icon-column__heading mpc-typography--default mpc-transition\">Indemnitzaci\u00f3 per accident<\/h3><div data-id=\"mpc_divider-2669f33fc65dd33\" class=\"mpc-divider-wrap\"><div class=\"mpc-divider mpc-init mpc-align--center mpc-disable--left \" ><div class=\"mpc-divider__line mpc-side--left\"><span><\/span><\/div><div class=\"mpc-divider__line mpc-side--right\"><span><\/span><\/div><\/div><\/div><div class=\"mpc-icon-column__description mpc-transition\"><p>Ha de con\u00e8ixer com a v\u00edctima el seu dret a una indemnitzaci\u00f3 per accident de tr\u00e0nsit en funci\u00f3 de la gravetat de les lesions causades.<\/p>\n<\/div><\/div><\/div><\/a>[vc_empty_space height=&#8221;50px&#8221;][\/vc_column][vc_column width=&#8221;1\/2&#8243;]<a href=\"\/ca\/indemnitzacio-per-defuncio\/\" title=\"\"  data-id=\"mpc_icon_column-1469f33fc65ddc7\" class=\"mpc-icon-column mpc-init mpc-parent-hover mpc-transition mpc-icon-column--style_3 mpc-align--center servhome\" ><div data-id=\"mpc_icon-3369f33fc65e2c5\" class=\"mpc-icon mpc-init mpc-transition mpc-effect-none mpc-icon-hover mpc-icon--image \"><div class=\"mpc-icon-wrap\"><i class=\"mpc-icon-part mpc-regular mpc-transition \"><img loading=\"lazy\" decoding=\"async\" class=\"\" src=\"https:\/\/solernaharro.com\/wp-content\/uploads\/2021\/08\/dry-tree1-160x160.png\" width=\"160\" height=\"160\" alt=\"dry-tree(1)\" title=\"dry-tree(1)\" \/><\/i><i class=\"mpc-icon-part mpc-hover mpc-transition \"><img loading=\"lazy\" decoding=\"async\" class=\"\" src=\"https:\/\/solernaharro.com\/wp-content\/uploads\/2021\/08\/dry-tree-160x160.png\" width=\"160\" height=\"160\" alt=\"dry-tree\" title=\"dry-tree\" \/><\/i><\/div><\/div><div class=\"mpc-icon-column__content-wrap\"><div class=\"mpc-icon-column__content\"><h3 class=\"mpc-icon-column__heading mpc-typography--default mpc-transition\">Indemnitzaci\u00f3 per defunci\u00f3<\/h3><div data-id=\"mpc_divider-7269f33fc65e2db\" class=\"mpc-divider-wrap\"><div class=\"mpc-divider mpc-init mpc-align--center mpc-disable--left \" ><div class=\"mpc-divider__line mpc-side--left\"><span><\/span><\/div><div class=\"mpc-divider__line mpc-side--right\"><span><\/span><\/div><\/div><\/div><div class=\"mpc-icon-column__description mpc-transition\"><p>Si a vost\u00e8 li ha tocat viure aquesta nefasta experi\u00e8ncia i ha perdut a algun familiar, pot ser beneficiari d&#8217;una indemnitzaci\u00f3 per defunci\u00f3 en accident de circulaci\u00f3.<\/p>\n<\/div><\/div><\/div><\/a>[vc_empty_space height=&#8221;50px&#8221;][\/vc_column][\/vc_row][vc_row css_animation=&#8221;&#8221; row_type=&#8221;row&#8221; use_row_as_full_screen_section=&#8221;no&#8221; type=&#8221;grid&#8221; angled_section=&#8221;no&#8221; text_align=&#8221;left&#8221; background_image_as_pattern=&#8221;without_pattern&#8221; usi_row_as_full_screen_section=&#8221;no&#8221; z_index=&#8221;&#8221;][vc_column width=&#8221;1\/2&#8243;]<a href=\"\/ca\/indemnitzacio-per-fuetada-cervical\/\" title=\"\"  data-id=\"mpc_icon_column-769f33fc65e357\" class=\"mpc-icon-column mpc-init mpc-parent-hover mpc-transition mpc-icon-column--style_3 mpc-align--center servhome\" ><div data-id=\"mpc_icon-4769f33fc65e828\" class=\"mpc-icon mpc-init mpc-transition mpc-effect-none mpc-icon-hover mpc-icon--image \"><div class=\"mpc-icon-wrap\"><i class=\"mpc-icon-part mpc-regular mpc-transition \"><img loading=\"lazy\" decoding=\"async\" class=\"\" src=\"https:\/\/solernaharro.com\/wp-content\/uploads\/2021\/08\/neck1-160x160.png\" width=\"160\" height=\"160\" alt=\"neck(1)\" title=\"neck(1)\" \/><\/i><i class=\"mpc-icon-part mpc-hover mpc-transition \"><img loading=\"lazy\" decoding=\"async\" class=\"\" src=\"https:\/\/solernaharro.com\/wp-content\/uploads\/2021\/08\/neck-160x160.png\" width=\"160\" height=\"160\" alt=\"neck\" title=\"neck\" \/><\/i><\/div><\/div><div class=\"mpc-icon-column__content-wrap\"><div class=\"mpc-icon-column__content\"><h3 class=\"mpc-icon-column__heading mpc-typography--default mpc-transition\">Indemnitzaci\u00f3 per fuetada cervical<\/h3><div data-id=\"mpc_divider-7169f33fc65e83b\" class=\"mpc-divider-wrap\"><div class=\"mpc-divider mpc-init mpc-align--center mpc-disable--left \" ><div class=\"mpc-divider__line mpc-side--left\"><span><\/span><\/div><div class=\"mpc-divider__line mpc-side--right\"><span><\/span><\/div><\/div><\/div><div class=\"mpc-icon-column__description mpc-transition\"><p>No \u00e9s estrany que en un incident de tr\u00e0nsit es danyi el coll, produint-se una lesi\u00f3 habitual.<\/p>\n<\/div><\/div><\/div><\/a>[vc_empty_space height=&#8221;50px&#8221;][\/vc_column][vc_column width=&#8221;1\/2&#8243;]<a href=\"\/ca\/indemnitzacio-per-lesions-medul%c2%b7lars\/\" title=\"\"  data-id=\"mpc_icon_column-269f33fc65e898\" class=\"mpc-icon-column mpc-init mpc-parent-hover mpc-transition mpc-icon-column--style_3 mpc-align--center servhome\" ><div data-id=\"mpc_icon-6569f33fc65ed35\" class=\"mpc-icon mpc-init mpc-transition mpc-effect-none mpc-icon-hover mpc-icon--image \"><div class=\"mpc-icon-wrap\"><i class=\"mpc-icon-part mpc-regular mpc-transition \"><img loading=\"lazy\" decoding=\"async\" width=\"160\" height=\"160\" src=\"https:\/\/solernaharro.com\/wp-content\/uploads\/2021\/08\/spinal-column1.png\" class=\"attachment-full\" alt=\"\" srcset=\"https:\/\/solernaharro.com\/wp-content\/uploads\/2021\/08\/spinal-column1.png 160w, https:\/\/solernaharro.com\/wp-content\/uploads\/2021\/08\/spinal-column1-150x150.png 150w\" sizes=\"auto, (max-width: 160px) 100vw, 160px\" \/><\/i><i class=\"mpc-icon-part mpc-hover mpc-transition \"><img loading=\"lazy\" decoding=\"async\" width=\"160\" height=\"160\" src=\"https:\/\/solernaharro.com\/wp-content\/uploads\/2021\/08\/spinal-column.png\" class=\"attachment-full\" alt=\"\" srcset=\"https:\/\/solernaharro.com\/wp-content\/uploads\/2021\/08\/spinal-column.png 160w, https:\/\/solernaharro.com\/wp-content\/uploads\/2021\/08\/spinal-column-150x150.png 150w\" sizes=\"auto, (max-width: 160px) 100vw, 160px\" \/><\/i><\/div><\/div><div class=\"mpc-icon-column__content-wrap\"><div class=\"mpc-icon-column__content\"><h3 class=\"mpc-icon-column__heading mpc-typography--default mpc-transition\">Indemnitzaci\u00f3 per Lesions medul\u00b7lars<\/h3><div data-id=\"mpc_divider-9369f33fc65ed4b\" class=\"mpc-divider-wrap\"><div class=\"mpc-divider mpc-init mpc-align--center mpc-disable--left \" ><div class=\"mpc-divider__line mpc-side--left\"><span><\/span><\/div><div class=\"mpc-divider__line mpc-side--right\"><span><\/span><\/div><\/div><\/div><div class=\"mpc-icon-column__description mpc-transition\"><p>Una de les conseq\u00fc\u00e8ncies m\u00e9s habituals despr\u00e9s d&#8217;un accident de circulaci\u00f3 greu \u00e9s la <strong>lesi\u00f3 medul\u00b7lar.<\/strong><\/p>\n<\/div><\/div><\/div><\/a>[vc_empty_space height=&#8221;50px&#8221;][\/vc_column][\/vc_row][vc_row css_animation=&#8221;&#8221; row_type=&#8221;row&#8221; use_row_as_full_screen_section=&#8221;no&#8221; type=&#8221;grid&#8221; angled_section=&#8221;no&#8221; text_align=&#8221;left&#8221; background_image_as_pattern=&#8221;without_pattern&#8221; usi_row_as_full_screen_section=&#8221;no&#8221; z_index=&#8221;&#8221;][vc_column width=&#8221;1\/2&#8243;]<a href=\"\/ca\/indemnitzacio-per-amputacions\/\" title=\"\"  data-id=\"mpc_icon_column-2669f33fc65edbd\" class=\"mpc-icon-column mpc-init mpc-parent-hover mpc-transition mpc-icon-column--style_3 mpc-align--center servhome\" ><div data-id=\"mpc_icon-7169f33fc65f211\" class=\"mpc-icon mpc-init mpc-transition mpc-effect-none mpc-icon-hover mpc-icon--image \"><div class=\"mpc-icon-wrap\"><i class=\"mpc-icon-part mpc-regular mpc-transition \"><img loading=\"lazy\" decoding=\"async\" width=\"160\" height=\"160\" src=\"https:\/\/solernaharro.com\/wp-content\/uploads\/2021\/08\/disabled1.png\" class=\"attachment-full\" alt=\"\" srcset=\"https:\/\/solernaharro.com\/wp-content\/uploads\/2021\/08\/disabled1.png 160w, https:\/\/solernaharro.com\/wp-content\/uploads\/2021\/08\/disabled1-150x150.png 150w\" sizes=\"auto, (max-width: 160px) 100vw, 160px\" \/><\/i><i class=\"mpc-icon-part mpc-hover mpc-transition \"><img loading=\"lazy\" decoding=\"async\" width=\"160\" height=\"160\" src=\"https:\/\/solernaharro.com\/wp-content\/uploads\/2021\/08\/disabled.png\" class=\"attachment-full\" alt=\"\" srcset=\"https:\/\/solernaharro.com\/wp-content\/uploads\/2021\/08\/disabled.png 160w, https:\/\/solernaharro.com\/wp-content\/uploads\/2021\/08\/disabled-150x150.png 150w\" sizes=\"auto, (max-width: 160px) 100vw, 160px\" \/><\/i><\/div><\/div><div class=\"mpc-icon-column__content-wrap\"><div class=\"mpc-icon-column__content\"><h3 class=\"mpc-icon-column__heading mpc-typography--default mpc-transition\">Indemnitzaci\u00f3 per Amputacions<\/h3><div data-id=\"mpc_divider-2769f33fc65f224\" class=\"mpc-divider-wrap\"><div class=\"mpc-divider mpc-init mpc-align--center mpc-disable--left \" ><div class=\"mpc-divider__line mpc-side--left\"><span><\/span><\/div><div class=\"mpc-divider__line mpc-side--right\"><span><\/span><\/div><\/div><\/div><div class=\"mpc-icon-column__description mpc-transition\"><p>A Soler Naharro tenim notable experi\u00e8ncia en aquesta mena de procediments i podrem encarregar-nos de l&#8217;assumpte sense que vost\u00e8 hagi de passar per situacions traum\u00e0tiques.<\/p>\n<\/div><\/div><\/div><\/a>[vc_empty_space height=&#8221;50px&#8221;][\/vc_column][vc_column width=&#8221;1\/2&#8243;]<a href=\"\/ca\/indemnitzacio-per-danys-cerebrals\/\" title=\"\"  data-id=\"mpc_icon_column-369f33fc65f281\" class=\"mpc-icon-column mpc-init mpc-parent-hover mpc-transition mpc-icon-column--style_3 mpc-align--center servhome\" ><div data-id=\"mpc_icon-9369f33fc65f77d\" class=\"mpc-icon mpc-init mpc-transition mpc-effect-none mpc-icon-hover mpc-icon--image \"><div class=\"mpc-icon-wrap\"><i class=\"mpc-icon-part mpc-regular mpc-transition \"><img loading=\"lazy\" decoding=\"async\" width=\"160\" height=\"160\" src=\"https:\/\/solernaharro.com\/wp-content\/uploads\/2021\/08\/brain2.png\" class=\"attachment-full\" alt=\"\" srcset=\"https:\/\/solernaharro.com\/wp-content\/uploads\/2021\/08\/brain2.png 160w, https:\/\/solernaharro.com\/wp-content\/uploads\/2021\/08\/brain2-150x150.png 150w\" sizes=\"auto, (max-width: 160px) 100vw, 160px\" \/><\/i><i class=\"mpc-icon-part mpc-hover mpc-transition \"><img loading=\"lazy\" decoding=\"async\" width=\"160\" height=\"160\" src=\"https:\/\/solernaharro.com\/wp-content\/uploads\/2021\/08\/brain1.png\" class=\"attachment-full\" alt=\"\" srcset=\"https:\/\/solernaharro.com\/wp-content\/uploads\/2021\/08\/brain1.png 160w, https:\/\/solernaharro.com\/wp-content\/uploads\/2021\/08\/brain1-150x150.png 150w\" sizes=\"auto, (max-width: 160px) 100vw, 160px\" \/><\/i><\/div><\/div><div class=\"mpc-icon-column__content-wrap\"><div class=\"mpc-icon-column__content\"><h3 class=\"mpc-icon-column__heading mpc-typography--default mpc-transition\">Indemnitzaci\u00f3 per Danys cerebrals<\/h3><div data-id=\"mpc_divider-2769f33fc65f791\" class=\"mpc-divider-wrap\"><div class=\"mpc-divider mpc-init mpc-align--center mpc-disable--left \" ><div class=\"mpc-divider__line mpc-side--left\"><span><\/span><\/div><div class=\"mpc-divider__line mpc-side--right\"><span><\/span><\/div><\/div><\/div><div class=\"mpc-icon-column__description mpc-transition\"><p>Hem defensat nombrosos assumptes d&#8217;indemnitzaci\u00f3 per danys cerebrals. Una de les seq\u00fceles m\u00e9s greus i desagradables, no sols per a la v\u00edctima, sin\u00f3 tamb\u00e9 per als seus familiars.<\/p>\n<\/div><\/div><\/div><\/a>[vc_empty_space height=&#8221;50px&#8221;][\/vc_column][\/vc_row][vc_row css_animation=&#8221;&#8221; row_type=&#8221;row&#8221; use_row_as_full_screen_section=&#8221;no&#8221; type=&#8221;grid&#8221; angled_section=&#8221;no&#8221; text_align=&#8221;left&#8221; background_image_as_pattern=&#8221;without_pattern&#8221; usi_row_as_full_screen_section=&#8221;no&#8221; z_index=&#8221;&#8221;][vc_column width=&#8221;1\/2&#8243;]<a href=\"\/ca\/reclamacio-a-companyies-asseguradores\/\" title=\"\"  data-id=\"mpc_icon_column-8369f33fc65f7f3\" class=\"mpc-icon-column mpc-init mpc-parent-hover mpc-transition mpc-icon-column--style_3 mpc-align--center servhome\" ><div data-id=\"mpc_icon-8669f33fc65f8bf\" class=\"mpc-icon mpc-init mpc-transition mpc-effect-none mpc-icon-hover mpc-icon--image \"><div class=\"mpc-icon-wrap\"><i class=\"mpc-icon-part mpc-regular mpc-transition \"><img loading=\"lazy\" decoding=\"async\" width=\"160\" height=\"172\" src=\"https:\/\/solernaharro.com\/wp-content\/uploads\/2020\/06\/acc1.png\" class=\"attachment-full\" alt=\"\" \/><\/i><i class=\"mpc-icon-part mpc-hover mpc-transition \"><img loading=\"lazy\" decoding=\"async\" width=\"160\" height=\"172\" src=\"https:\/\/solernaharro.com\/wp-content\/uploads\/2020\/06\/acc1b-1.png\" class=\"attachment-full\" alt=\"\" \/><\/i><\/div><\/div><div class=\"mpc-icon-column__content-wrap\"><div class=\"mpc-icon-column__content\"><h3 class=\"mpc-icon-column__heading mpc-typography--default mpc-transition\">Reclamaci\u00f3 a companyies Asseguradores<\/h3><div data-id=\"mpc_divider-3269f33fc65f8d2\" class=\"mpc-divider-wrap\"><div class=\"mpc-divider mpc-init mpc-align--center mpc-disable--left \" ><div class=\"mpc-divider__line mpc-side--left\"><span><\/span><\/div><div class=\"mpc-divider__line mpc-side--right\"><span><\/span><\/div><\/div><\/div><div class=\"mpc-icon-column__description mpc-transition\"><p>Si a vost\u00e8 li ha tocat bregar amb la seva pr\u00f2pia companyia asseguradora i aquesta li est\u00e0 donant m\u00e9s excuses que solucions, assessori&#8217;s.<\/p>\n<\/div><\/div><\/div><\/a>[vc_empty_space height=&#8221;50px&#8221;][\/vc_column][vc_column width=&#8221;1\/2&#8243;]<a href=\"\/ca\/indemnitzacio-per-accidents-de-bicicleta\/\" title=\"\"  data-id=\"mpc_icon_column-3369f33fc65f930\" class=\"mpc-icon-column mpc-init mpc-parent-hover mpc-transition mpc-icon-column--style_3 mpc-align--center servhome\" ><div data-id=\"mpc_icon-7069f33fc65fdc8\" class=\"mpc-icon mpc-init mpc-transition mpc-effect-none mpc-icon-hover mpc-icon--image \"><div class=\"mpc-icon-wrap\"><i class=\"mpc-icon-part mpc-regular mpc-transition \"><img loading=\"lazy\" decoding=\"async\" width=\"160\" height=\"160\" src=\"https:\/\/solernaharro.com\/wp-content\/uploads\/2021\/08\/road-bike1.png\" class=\"attachment-full\" alt=\"\" srcset=\"https:\/\/solernaharro.com\/wp-content\/uploads\/2021\/08\/road-bike1.png 160w, https:\/\/solernaharro.com\/wp-content\/uploads\/2021\/08\/road-bike1-150x150.png 150w\" sizes=\"auto, (max-width: 160px) 100vw, 160px\" \/><\/i><i class=\"mpc-icon-part mpc-hover mpc-transition \"><img loading=\"lazy\" decoding=\"async\" width=\"160\" height=\"160\" src=\"https:\/\/solernaharro.com\/wp-content\/uploads\/2021\/08\/road-bike.png\" class=\"attachment-full\" alt=\"\" srcset=\"https:\/\/solernaharro.com\/wp-content\/uploads\/2021\/08\/road-bike.png 160w, https:\/\/solernaharro.com\/wp-content\/uploads\/2021\/08\/road-bike-150x150.png 150w\" sizes=\"auto, (max-width: 160px) 100vw, 160px\" \/><\/i><\/div><\/div><div class=\"mpc-icon-column__content-wrap\"><div class=\"mpc-icon-column__content\"><h3 class=\"mpc-icon-column__heading mpc-typography--default mpc-transition\">Indemnitzaci\u00f3 per Accidents de bicicleta<\/h3><div data-id=\"mpc_divider-2269f33fc65fdda\" class=\"mpc-divider-wrap\"><div class=\"mpc-divider mpc-init mpc-align--center mpc-disable--left \" ><div class=\"mpc-divider__line mpc-side--left\"><span><\/span><\/div><div class=\"mpc-divider__line mpc-side--right\"><span><\/span><\/div><\/div><\/div><div class=\"mpc-icon-column__description mpc-transition\"><p>Amb l&#8217;augment de carrils-bici en les grans ciutats i la implantaci\u00f3 de sistemes p\u00fablics de pr\u00e9stec de bicicletes.<\/p>\n<\/div><\/div><\/div><\/a>[vc_empty_space height=&#8221;50px&#8221;][\/vc_column][\/vc_row][vc_row css_animation=&#8221;&#8221; row_type=&#8221;row&#8221; use_row_as_full_screen_section=&#8221;no&#8221; type=&#8221;grid&#8221; angled_section=&#8221;no&#8221; text_align=&#8221;left&#8221; background_image_as_pattern=&#8221;without_pattern&#8221; usi_row_as_full_screen_section=&#8221;no&#8221; z_index=&#8221;&#8221;][vc_column width=&#8221;1\/2&#8243;]<a href=\"\/ca\/indemnitzacio-per-accidents-de-moto\/\" title=\"\"  data-id=\"mpc_icon_column-8369f33fc65fe48\" class=\"mpc-icon-column mpc-init mpc-parent-hover mpc-transition mpc-icon-column--style_3 mpc-align--center servhome\" ><div data-id=\"mpc_icon-6969f33fc6602dd\" class=\"mpc-icon mpc-init mpc-transition mpc-effect-none mpc-icon-hover mpc-icon--image \"><div class=\"mpc-icon-wrap\"><i class=\"mpc-icon-part mpc-regular mpc-transition \"><img loading=\"lazy\" decoding=\"async\" width=\"160\" height=\"160\" src=\"https:\/\/solernaharro.com\/wp-content\/uploads\/2021\/08\/motorcycle1.png\" class=\"attachment-full\" alt=\"\" srcset=\"https:\/\/solernaharro.com\/wp-content\/uploads\/2021\/08\/motorcycle1.png 160w, https:\/\/solernaharro.com\/wp-content\/uploads\/2021\/08\/motorcycle1-150x150.png 150w\" sizes=\"auto, (max-width: 160px) 100vw, 160px\" \/><\/i><i class=\"mpc-icon-part mpc-hover mpc-transition \"><img loading=\"lazy\" decoding=\"async\" width=\"160\" height=\"160\" src=\"https:\/\/solernaharro.com\/wp-content\/uploads\/2021\/08\/motorcycle.png\" class=\"attachment-full\" alt=\"\" srcset=\"https:\/\/solernaharro.com\/wp-content\/uploads\/2021\/08\/motorcycle.png 160w, https:\/\/solernaharro.com\/wp-content\/uploads\/2021\/08\/motorcycle-150x150.png 150w\" sizes=\"auto, (max-width: 160px) 100vw, 160px\" \/><\/i><\/div><\/div><div class=\"mpc-icon-column__content-wrap\"><div class=\"mpc-icon-column__content\"><h3 class=\"mpc-icon-column__heading mpc-typography--default mpc-transition\">Indemnitzaci\u00f3 per Accidents de moto<\/h3><div data-id=\"mpc_divider-7869f33fc6602f2\" class=\"mpc-divider-wrap\"><div class=\"mpc-divider mpc-init mpc-align--center mpc-disable--left \" ><div class=\"mpc-divider__line mpc-side--left\"><span><\/span><\/div><div class=\"mpc-divider__line mpc-side--right\"><span><\/span><\/div><\/div><\/div><div class=\"mpc-icon-column__description mpc-transition\"><p>Si vost\u00e8 s&#8217;ha vist involucrat en una situaci\u00f3 d&#8217;aquest tipus, s\u00e0piga que t\u00e9 dret a una indemnitzaci\u00f3 per accident de moto.<\/p>\n<\/div><\/div><\/div><\/a>[vc_empty_space height=&#8221;50px&#8221;][\/vc_column][vc_column width=&#8221;1\/2&#8243;]<a href=\"\/ca\/indemnitzacio-per-atropellaments\/\" title=\"\"  data-id=\"mpc_icon_column-1969f33fc660355\" class=\"mpc-icon-column mpc-init mpc-parent-hover mpc-transition mpc-icon-column--style_3 mpc-align--center servhome\" ><div data-id=\"mpc_icon-9369f33fc6607dc\" class=\"mpc-icon mpc-init mpc-transition mpc-effect-none mpc-icon-hover mpc-icon--image \"><div class=\"mpc-icon-wrap\"><i class=\"mpc-icon-part mpc-regular mpc-transition \"><img loading=\"lazy\" decoding=\"async\" class=\"\" src=\"https:\/\/solernaharro.com\/wp-content\/uploads\/2021\/08\/car-accident3-160x160.png\" width=\"160\" height=\"160\" alt=\"car-accident(3)\" title=\"car-accident(3)\" \/><\/i><i class=\"mpc-icon-part mpc-hover mpc-transition \"><img loading=\"lazy\" decoding=\"async\" class=\"\" src=\"https:\/\/solernaharro.com\/wp-content\/uploads\/2021\/08\/car-accident2-160x160.png\" width=\"160\" height=\"160\" alt=\"car-accident(2)\" title=\"car-accident(2)\" \/><\/i><\/div><\/div><div class=\"mpc-icon-column__content-wrap\"><div class=\"mpc-icon-column__content\"><h3 class=\"mpc-icon-column__heading mpc-typography--default mpc-transition\">Indemnitzaci\u00f3 per atropellament<\/h3><div data-id=\"mpc_divider-5269f33fc6607f1\" class=\"mpc-divider-wrap\"><div class=\"mpc-divider mpc-init mpc-align--center mpc-disable--left \" ><div class=\"mpc-divider__line mpc-side--left\"><span><\/span><\/div><div class=\"mpc-divider__line mpc-side--right\"><span><\/span><\/div><\/div><\/div><div class=\"mpc-icon-column__description mpc-transition\"><p>Si s&#8217;ha vist involucrat com a vianant en un accident de circulaci\u00f3, pot tenir dret a una indemnitzaci\u00f3 per atropellament.<\/p>\n<\/div><\/div><\/div><\/a>[vc_empty_space height=&#8221;50px&#8221;][\/vc_column][\/vc_row][vc_row css_animation=&#8221;&#8221; row_type=&#8221;row&#8221; use_row_as_full_screen_section=&#8221;no&#8221; type=&#8221;full_width&#8221; angled_section=&#8221;no&#8221; text_align=&#8221;left&#8221; background_image_as_pattern=&#8221;without_pattern&#8221; usi_row_as_full_screen_section=&#8221;no&#8221;][vc_column][vc_empty_space height=&#8221;50px&#8221;][\/vc_column][\/vc_row]<\/p>\n","protected":false},"excerpt":{"rendered":"<p>[vc_row css_animation=&#8221;&#8221; row_type=&#8221;row&#8221; use_row_as_full_screen_section=&#8221;no&#8221; type=&#8221;grid&#8221; angled_section=&#8221;no&#8221; text_align=&#8221;left&#8221; background_image_as_pattern=&#8221;without_pattern&#8221; z_index=&#8221;&#8221; background_color=&#8221;#000000&#8243; padding_top=&#8221;0&#8243; padding_bottom=&#8221;0&#8243;][vc_column offset=&#8221;vc_hidden-sm vc_hidden-xs&#8221;][vc_empty_space height=&#8221;20px&#8221; css=&#8221;.vc_custom_1612886833805{margin-top: 0px !important;margin-right: 0px !important;margin-bottom: 0px !important;margin-left: 0px !important;padding-top: 0px !important;padding-right: 0px !important;padding-bottom: 0px !important;padding-left: 0px !important;}&#8221;][vc_raw_html]JTNDaDElMjBjbGFzcyUzRCUyMnRpdHVsb3NlcnZpY2lvJTIyJTNFQWR2b2NhdHMlMjBhY2NpZGVudHMlMjBkZSUyMHRyJUMzJUEwbnNpdCUyMCUzQyUyRmgxJTNFJTNDcCUyMGNsYXNzJTNEJTIyY2xhdmUlMjIlM0UlM0NpbWclMjBjbGFzcyUzRCUyMmltZ2gxJTIyJTIwc3JjJTNEJTIyJTJGd3AtY29udGVudCUyRnVwbG9hZHMlMkYyMDIxJTJGMDglMkZjYXItYWNjaWRlbnQucG5nJTIyJTIwJTVDJTNFJTNDJTJGcCUzRQ==[\/vc_raw_html][vc_empty_space height=&#8221;20px&#8221; css=&#8221;.vc_custom_1612886833805{margin-top: 0px !important;margin-right: 0px !important;margin-bottom: 0px !important;margin-left: 0px !important;padding-top: 0px !important;padding-right: 0px<\/p>\n","protected":false},"author":1,"featured_media":0,"parent":0,"menu_order":0,"comment_status":"closed","ping_status":"closed","template":"full_width.php","meta":{"footnotes":""},"class_list":["post-796","page","type-page","status-publish","hentry"],"yoast_head":"<!-- This site is optimized with the Yoast SEO plugin v25.7 - https:\/\/yoast.com\/wordpress\/plugins\/seo\/ -->\n<title>Advocats accidents de tr\u00e0nsit - Soler Naharro<\/title>\n<meta name=\"robots\" content=\"index, follow, max-snippet:-1, max-image-preview:large, max-video-preview:-1\" \/>\n<link rel=\"canonical\" href=\"https:\/\/solernaharro.com\/ca\/abogados-accidentes-de-trafico\/\" \/>\n<meta property=\"og:locale\" content=\"ca_ES\" \/>\n<meta property=\"og:type\" content=\"article\" \/>\n<meta property=\"og:title\" content=\"Advocats accidents de tr\u00e0nsit - Soler Naharro\" \/>\n<meta property=\"og:description\" content=\"[vc_row css_animation=&#8221;&#8221; row_type=&#8221;row&#8221; use_row_as_full_screen_section=&#8221;no&#8221; type=&#8221;grid&#8221; angled_section=&#8221;no&#8221; text_align=&#8221;left&#8221; background_image_as_pattern=&#8221;without_pattern&#8221; z_index=&#8221;&#8221; background_color=&#8221;#000000&#8243; padding_top=&#8221;0&#8243; padding_bottom=&#8221;0&#8243;][vc_column offset=&#8221;vc_hidden-sm vc_hidden-xs&#8221;][vc_empty_space height=&#8221;20px&#8221; css=&#8221;.vc_custom_1612886833805{margin-top: 0px !important;margin-right: 0px !important;margin-bottom: 0px !important;margin-left: 0px !important;padding-top: 0px !important;padding-right: 0px !important;padding-bottom: 0px !important;padding-left: 0px !important;}&#8221;][vc_raw_html]JTNDaDElMjBjbGFzcyUzRCUyMnRpdHVsb3NlcnZpY2lvJTIyJTNFQWR2b2NhdHMlMjBhY2NpZGVudHMlMjBkZSUyMHRyJUMzJUEwbnNpdCUyMCUzQyUyRmgxJTNFJTNDcCUyMGNsYXNzJTNEJTIyY2xhdmUlMjIlM0UlM0NpbWclMjBjbGFzcyUzRCUyMmltZ2gxJTIyJTIwc3JjJTNEJTIyJTJGd3AtY29udGVudCUyRnVwbG9hZHMlMkYyMDIxJTJGMDglMkZjYXItYWNjaWRlbnQucG5nJTIyJTIwJTVDJTNFJTNDJTJGcCUzRQ==[\/vc_raw_html][vc_empty_space height=&#8221;20px&#8221; css=&#8221;.vc_custom_1612886833805{margin-top: 0px !important;margin-right: 0px !important;margin-bottom: 0px !important;margin-left: 0px !important;padding-top: 0px !important;padding-right: 0px\" \/>\n<meta property=\"og:url\" content=\"https:\/\/solernaharro.com\/abogados-accidentes-de-trafico\/\" \/>\n<meta property=\"og:site_name\" content=\"Soler Naharro\" \/>\n<meta property=\"article:modified_time\" content=\"2021-09-02T10:03:48+00:00\" \/>\n<meta name=\"twitter:card\" content=\"summary_large_image\" \/>\n<meta name=\"twitter:label1\" content=\"Temps estimat de lectura\" \/>\n\t<meta name=\"twitter:data1\" content=\"20 minuts\" \/>\n<script type=\"application\/ld+json\" class=\"yoast-schema-graph\">{\"@context\":\"https:\/\/schema.org\",\"@graph\":[{\"@type\":\"WebPage\",\"@id\":\"https:\/\/solernaharro.com\/abogados-accidentes-de-trafico\/\",\"url\":\"https:\/\/solernaharro.com\/abogados-accidentes-de-trafico\/\",\"name\":\"Advocats accidents de tr\u00e0nsit - Soler Naharro\",\"isPartOf\":{\"@id\":\"https:\/\/solernaharro.com\/#website\"},\"datePublished\":\"2021-02-11T16:10:19+00:00\",\"dateModified\":\"2021-09-02T10:03:48+00:00\",\"breadcrumb\":{\"@id\":\"https:\/\/solernaharro.com\/abogados-accidentes-de-trafico\/#breadcrumb\"},\"inLanguage\":\"ca\",\"potentialAction\":[{\"@type\":\"ReadAction\",\"target\":[\"https:\/\/solernaharro.com\/abogados-accidentes-de-trafico\/\"]}]},{\"@type\":\"BreadcrumbList\",\"@id\":\"https:\/\/solernaharro.com\/abogados-accidentes-de-trafico\/#breadcrumb\",\"itemListElement\":[{\"@type\":\"ListItem\",\"position\":1,\"name\":\"Portada\",\"item\":\"https:\/\/solernaharro.com\/ca\/\"},{\"@type\":\"ListItem\",\"position\":2,\"name\":\"Advocats accidents de tr\u00e0nsit\"}]},{\"@type\":\"WebSite\",\"@id\":\"https:\/\/solernaharro.com\/#website\",\"url\":\"https:\/\/solernaharro.com\/\",\"name\":\"Soler Naharro\",\"description\":\"Abogados en Barcelona expertos en accidentes de tr\u00e1fico y negligencias m\u00e9dicas\",\"potentialAction\":[{\"@type\":\"SearchAction\",\"target\":{\"@type\":\"EntryPoint\",\"urlTemplate\":\"https:\/\/solernaharro.com\/?s={search_term_string}\"},\"query-input\":{\"@type\":\"PropertyValueSpecification\",\"valueRequired\":true,\"valueName\":\"search_term_string\"}}],\"inLanguage\":\"ca\"}]}<\/script>\n<!-- \/ Yoast SEO plugin. -->","yoast_head_json":{"title":"Advocats accidents de tr\u00e0nsit - Soler Naharro","robots":{"index":"index","follow":"follow","max-snippet":"max-snippet:-1","max-image-preview":"max-image-preview:large","max-video-preview":"max-video-preview:-1"},"canonical":"https:\/\/solernaharro.com\/ca\/abogados-accidentes-de-trafico\/","og_locale":"ca_ES","og_type":"article","og_title":"Advocats accidents de tr\u00e0nsit - Soler Naharro","og_description":"[vc_row css_animation=&#8221;&#8221; row_type=&#8221;row&#8221; use_row_as_full_screen_section=&#8221;no&#8221; type=&#8221;grid&#8221; angled_section=&#8221;no&#8221; text_align=&#8221;left&#8221; background_image_as_pattern=&#8221;without_pattern&#8221; z_index=&#8221;&#8221; background_color=&#8221;#000000&#8243; padding_top=&#8221;0&#8243; padding_bottom=&#8221;0&#8243;][vc_column offset=&#8221;vc_hidden-sm vc_hidden-xs&#8221;][vc_empty_space height=&#8221;20px&#8221; css=&#8221;.vc_custom_1612886833805{margin-top: 0px !important;margin-right: 0px !important;margin-bottom: 0px !important;margin-left: 0px !important;padding-top: 0px !important;padding-right: 0px !important;padding-bottom: 0px !important;padding-left: 0px !important;}&#8221;][vc_raw_html]JTNDaDElMjBjbGFzcyUzRCUyMnRpdHVsb3NlcnZpY2lvJTIyJTNFQWR2b2NhdHMlMjBhY2NpZGVudHMlMjBkZSUyMHRyJUMzJUEwbnNpdCUyMCUzQyUyRmgxJTNFJTNDcCUyMGNsYXNzJTNEJTIyY2xhdmUlMjIlM0UlM0NpbWclMjBjbGFzcyUzRCUyMmltZ2gxJTIyJTIwc3JjJTNEJTIyJTJGd3AtY29udGVudCUyRnVwbG9hZHMlMkYyMDIxJTJGMDglMkZjYXItYWNjaWRlbnQucG5nJTIyJTIwJTVDJTNFJTNDJTJGcCUzRQ==[\/vc_raw_html][vc_empty_space height=&#8221;20px&#8221; css=&#8221;.vc_custom_1612886833805{margin-top: 0px !important;margin-right: 0px !important;margin-bottom: 0px !important;margin-left: 0px !important;padding-top: 0px !important;padding-right: 0px","og_url":"https:\/\/solernaharro.com\/abogados-accidentes-de-trafico\/","og_site_name":"Soler Naharro","article_modified_time":"2021-09-02T10:03:48+00:00","twitter_card":"summary_large_image","twitter_misc":{"Temps estimat de lectura":"20 minuts"},"schema":{"@context":"https:\/\/schema.org","@graph":[{"@type":"WebPage","@id":"https:\/\/solernaharro.com\/abogados-accidentes-de-trafico\/","url":"https:\/\/solernaharro.com\/abogados-accidentes-de-trafico\/","name":"Advocats accidents de tr\u00e0nsit - Soler Naharro","isPartOf":{"@id":"https:\/\/solernaharro.com\/#website"},"datePublished":"2021-02-11T16:10:19+00:00","dateModified":"2021-09-02T10:03:48+00:00","breadcrumb":{"@id":"https:\/\/solernaharro.com\/abogados-accidentes-de-trafico\/#breadcrumb"},"inLanguage":"ca","potentialAction":[{"@type":"ReadAction","target":["https:\/\/solernaharro.com\/abogados-accidentes-de-trafico\/"]}]},{"@type":"BreadcrumbList","@id":"https:\/\/solernaharro.com\/abogados-accidentes-de-trafico\/#breadcrumb","itemListElement":[{"@type":"ListItem","position":1,"name":"Portada","item":"https:\/\/solernaharro.com\/ca\/"},{"@type":"ListItem","position":2,"name":"Advocats accidents de tr\u00e0nsit"}]},{"@type":"WebSite","@id":"https:\/\/solernaharro.com\/#website","url":"https:\/\/solernaharro.com\/","name":"Soler Naharro","description":"Abogados en Barcelona expertos en accidentes de tr\u00e1fico y negligencias m\u00e9dicas","potentialAction":[{"@type":"SearchAction","target":{"@type":"EntryPoint","urlTemplate":"https:\/\/solernaharro.com\/?s={search_term_string}"},"query-input":{"@type":"PropertyValueSpecification","valueRequired":true,"valueName":"search_term_string"}}],"inLanguage":"ca"}]}},"_links":{"self":[{"href":"https:\/\/solernaharro.com\/ca\/wp-json\/wp\/v2\/pages\/796","targetHints":{"allow":["GET"]}}],"collection":[{"href":"https:\/\/solernaharro.com\/ca\/wp-json\/wp\/v2\/pages"}],"about":[{"href":"https:\/\/solernaharro.com\/ca\/wp-json\/wp\/v2\/types\/page"}],"author":[{"embeddable":true,"href":"https:\/\/solernaharro.com\/ca\/wp-json\/wp\/v2\/users\/1"}],"replies":[{"embeddable":true,"href":"https:\/\/solernaharro.com\/ca\/wp-json\/wp\/v2\/comments?post=796"}],"version-history":[{"count":7,"href":"https:\/\/solernaharro.com\/ca\/wp-json\/wp\/v2\/pages\/796\/revisions"}],"predecessor-version":[{"id":1090,"href":"https:\/\/solernaharro.com\/ca\/wp-json\/wp\/v2\/pages\/796\/revisions\/1090"}],"wp:attachment":[{"href":"https:\/\/solernaharro.com\/ca\/wp-json\/wp\/v2\/media?parent=796"}],"curies":[{"name":"wp","href":"https:\/\/api.w.org\/{rel}","templated":true}]}}