{"id":794,"date":"2021-02-12T09:37:31","date_gmt":"2021-02-12T09:37:31","guid":{"rendered":"http:\/\/nuevo.solernaharro.com\/abogados-negligencias-medicas\/"},"modified":"2024-09-02T15:05:10","modified_gmt":"2024-09-02T15:05:10","slug":"advocats-negligencies-mediques","status":"publish","type":"page","link":"https:\/\/solernaharro.com\/ca\/advocats-negligencies-mediques\/","title":{"rendered":"Advocats Neglig\u00e8ncies M\u00e8diques"},"content":{"rendered":"<p>[vc_row css_animation=&#8221;&#8221; row_type=&#8221;row&#8221; use_row_as_full_screen_section=&#8221;no&#8221; type=&#8221;grid&#8221; angled_section=&#8221;no&#8221; text_align=&#8221;left&#8221; background_image_as_pattern=&#8221;without_pattern&#8221; z_index=&#8221;&#8221; background_color=&#8221;#000000&#8243; padding_top=&#8221;0&#8243; padding_bottom=&#8221;0&#8243;][vc_column offset=&#8221;vc_hidden-sm vc_hidden-xs&#8221;][vc_empty_space height=&#8221;20px&#8221; css=&#8221;.vc_custom_1612886833805{margin-top: 0px !important;margin-right: 0px !important;margin-bottom: 0px !important;margin-left: 0px !important;padding-top: 0px !important;padding-right: 0px !important;padding-bottom: 0px !important;padding-left: 0px !important;}&#8221;][vc_raw_html]JTNDaDElMjBjbGFzcyUzRCUyMnRpdHVsb3NlcnZpY2lvJTIyJTNFQWR2b2NhdHMlMjBOZWdsaWclQzMlQThuY2llcyUyME0lQzMlQThkaXF1ZXMlMjAlM0MlMkZoMSUzRSUzQ3AlMjBjbGFzcyUzRCUyMmNsYXZlJTIyJTNFJTNDaW1nJTIwY2xhc3MlM0QlMjJpbWdoMSUyMiUyMHNyYyUzRCUyMiUyRndwLWNvbnRlbnQlMkZ1cGxvYWRzJTJGMjAyMSUyRjAyJTJGbWVkMmIucG5nJTIyJTIwJTVDJTNFJTNDJTJGcCUzRQ==[\/vc_raw_html][vc_empty_space height=&#8221;20px&#8221; css=&#8221;.vc_custom_1612886833805{margin-top: 0px !important;margin-right: 0px !important;margin-bottom: 0px !important;margin-left: 0px !important;padding-top: 0px !important;padding-right: 0px !important;padding-bottom: 0px !important;padding-left: 0px !important;}&#8221;][\/vc_column][\/vc_row][vc_row css_animation=&#8221;&#8221; row_type=&#8221;row&#8221; use_row_as_full_screen_section=&#8221;no&#8221; type=&#8221;grid&#8221; angled_section=&#8221;no&#8221; text_align=&#8221;center&#8221; background_image_as_pattern=&#8221;without_pattern&#8221; z_index=&#8221;&#8221; background_color=&#8221;#000000&#8243; padding_top=&#8221;0&#8243; padding_bottom=&#8221;0&#8243; el_class=&#8221;tituloservicio2&#8243;][vc_column offset=&#8221;vc_hidden-lg vc_hidden-md&#8221;][vc_empty_space height=&#8221;20px&#8221; css=&#8221;.vc_custom_1612886833805{margin-top: 0px !important;margin-right: 0px !important;margin-bottom: 0px !important;margin-left: 0px !important;padding-top: 0px !important;padding-right: 0px !important;padding-bottom: 0px !important;padding-left: 0px !important;}&#8221;][vc_raw_html]JTNDaDElMjBjbGFzcyUzRCUyMnRpdHVsb3NlcnZpY2lvJTIyJTNFQWR2b2NhdHMlMjBOZWdsaWclQzMlQThuY2llcyUyME0lQzMlQThkaXF1ZXMlMjAlM0MlMkZoMSUzRSUzQ3AlMjBjbGFzcyUzRCUyMmNsYXZlJTIyJTNFJTNDaW1nJTIwY2xhc3MlM0QlMjJpbWdoMSUyMiUyMHNyYyUzRCUyMiUyRndwLWNvbnRlbnQlMkZ1cGxvYWRzJTJGMjAyMSUyRjAyJTJGbWVkMmIucG5nJTIyJTIwJTVDJTNFJTNDJTJGcCUzRQ==[\/vc_raw_html][vc_empty_space height=&#8221;20px&#8221; css=&#8221;.vc_custom_1612886833805{margin-top: 0px !important;margin-right: 0px !important;margin-bottom: 0px !important;margin-left: 0px !important;padding-top: 0px !important;padding-right: 0px !important;padding-bottom: 0px !important;padding-left: 0px !important;}&#8221;][\/vc_column][\/vc_row][vc_row css_animation=&#8221;&#8221; row_type=&#8221;row&#8221; use_row_as_full_screen_section=&#8221;no&#8221; type=&#8221;grid&#8221; angled_section=&#8221;no&#8221; text_align=&#8221;left&#8221; background_image_as_pattern=&#8221;without_pattern&#8221; usi_row_as_full_screen_section=&#8221;no&#8221; z_index=&#8221;&#8221; padding_top=&#8221;60&#8243; padding_bottom=&#8221;50&#8243;][vc_column][vc_column_text]Soler Naharro \u00e9s un Bufet d&#8217;Advocats creat fa <span style=\"color: #710000;\"><strong>m\u00e9s de 25 anys<\/strong> <\/span>i format per un gran equip de professionals entre els quals destaquen Advocats <strong>Especialistes en Neglig\u00e8ncies m\u00e8diques i Dret Sanitari<\/strong>, <strong>que oferim un tracte personal i hum\u00e0<\/strong>, sempre coneixedors de la dif\u00edcil situaci\u00f3 vital i la problem\u00e0tica que suposa per als nostres clients l&#8217;haver perdut la salut o fins i tot la vida a conseq\u00fc\u00e8ncia d&#8217;una mala praxi m\u00e8dica i\/o hospital\u00e0ria.[\/vc_column_text][vc_empty_space height=&#8221;20px&#8221;][vc_column_text]Desgraciadament si Vost\u00e8 acudeix al nostre Bufet ser\u00e0 perqu\u00e8 ja ha sofert una neglig\u00e8ncia m\u00e8dica que ser\u00e0 dif\u00edcilment reparable des del punt de vista personal. De qualsevol manera, dins del sofriment que pot suposar aquesta situaci\u00f3, s\u00ed que <strong>podem valorar el seu mal per a reclamar una compensaci\u00f3 econ\u00f2mica que faciliti en la mesura del possible el poder tenir a la seva disposici\u00f3 els mitjans materials que li donin tranquil\u00b7litat tant a Vost\u00e8 com a la seva fam\u00edlia<\/strong>.[\/vc_column_text][\/vc_column][\/vc_row][vc_row css_animation=&#8221;&#8221; row_type=&#8221;row&#8221; use_row_as_full_screen_section=&#8221;no&#8221; type=&#8221;grid&#8221; angled_section=&#8221;no&#8221; text_align=&#8221;left&#8221; background_image_as_pattern=&#8221;without_pattern&#8221; usi_row_as_full_screen_section=&#8221;no&#8221; z_index=&#8221;&#8221;][vc_column el_class=&#8221;servicios2&#8243;][vc_row_inner row_type=&#8221;row&#8221; type=&#8221;full_width&#8221; text_align=&#8221;left&#8221; css_animation=&#8221;&#8221;][vc_column_inner width=&#8221;5\/12&#8243; css=&#8221;.vc_custom_1612885936837{padding-top: 40px !important;padding-right: 40px !important;padding-bottom: 40px !important;padding-left: 40px !important;}&#8221;]<div id=\"mpc_icon_list-8769ee3ec505466\" class=\"mpc-icon-list mpc-init mpc-icon--left mpc-typography--preset_0 \"><ul class=\"mpc-list__ul\"><li class=\"mpc-list__item mpc-parent-hover mpc-transition\" data-index=\"0\"><div class=\"mpc-list__icon\"><div data-id=\"mpc_icon-8069ee3ec50584f\" class=\"mpc-icon mpc-init mpc-transition mpc-effect-none mpc-icon--image \"><div class=\"mpc-icon-wrap\"><i class=\"mpc-icon-part mpc-regular mpc-transition \"><img loading=\"lazy\" decoding=\"async\" width=\"44\" height=\"46\" src=\"https:\/\/solernaharro.com\/wp-content\/uploads\/2021\/02\/punto.jpg\" class=\"attachment-full\" alt=\"\" \/><\/i><\/div><\/div><\/div><span class=\"mpc-list__title\">Lluitarem pels seus interessos<\/span><\/li><li class=\"mpc-list__item mpc-parent-hover mpc-transition\" data-index=\"1\"><div class=\"mpc-list__icon\"><div data-id=\"mpc_icon-8069ee3ec50584f\" class=\"mpc-icon mpc-init mpc-transition mpc-effect-none mpc-icon--image \"><div class=\"mpc-icon-wrap\"><i class=\"mpc-icon-part mpc-regular mpc-transition \"><img loading=\"lazy\" decoding=\"async\" width=\"44\" height=\"46\" src=\"https:\/\/solernaharro.com\/wp-content\/uploads\/2021\/02\/punto.jpg\" class=\"attachment-full\" alt=\"\" \/><\/i><\/div><\/div><\/div><span class=\"mpc-list__title\">Assessoria integral en cada tr\u00e0mit<\/span><\/li><li class=\"mpc-list__item mpc-parent-hover mpc-transition\" data-index=\"2\"><div class=\"mpc-list__icon\"><div data-id=\"mpc_icon-8069ee3ec50584f\" class=\"mpc-icon mpc-init mpc-transition mpc-effect-none mpc-icon--image \"><div class=\"mpc-icon-wrap\"><i class=\"mpc-icon-part mpc-regular mpc-transition \"><img loading=\"lazy\" decoding=\"async\" width=\"44\" height=\"46\" src=\"https:\/\/solernaharro.com\/wp-content\/uploads\/2021\/02\/punto.jpg\" class=\"attachment-full\" alt=\"\" \/><\/i><\/div><\/div><\/div><span class=\"mpc-list__title\">Treballem m\u00e0 a m\u00e0 amb cl\u00edniques especialistes<\/span><\/li><li class=\"mpc-list__item mpc-parent-hover mpc-transition\" data-index=\"3\"><div class=\"mpc-list__icon\"><div data-id=\"mpc_icon-8069ee3ec50584f\" class=\"mpc-icon mpc-init mpc-transition mpc-effect-none mpc-icon--image \"><div class=\"mpc-icon-wrap\"><i class=\"mpc-icon-part mpc-regular mpc-transition \"><img loading=\"lazy\" decoding=\"async\" width=\"44\" height=\"46\" src=\"https:\/\/solernaharro.com\/wp-content\/uploads\/2021\/02\/punto.jpg\" class=\"attachment-full\" alt=\"\" \/><\/i><\/div><\/div><\/div><span class=\"mpc-list__title\">Oferim un tracte personal i hum\u00e0<\/span><\/li><li class=\"mpc-list__item mpc-parent-hover mpc-transition\" data-index=\"4\"><div class=\"mpc-list__icon\"><div data-id=\"mpc_icon-8069ee3ec50584f\" class=\"mpc-icon mpc-init mpc-transition mpc-effect-none mpc-icon--image \"><div class=\"mpc-icon-wrap\"><i class=\"mpc-icon-part mpc-regular mpc-transition \"><img loading=\"lazy\" decoding=\"async\" width=\"44\" height=\"46\" src=\"https:\/\/solernaharro.com\/wp-content\/uploads\/2021\/02\/punto.jpg\" class=\"attachment-full\" alt=\"\" \/><\/i><\/div><\/div><\/div><span class=\"mpc-list__title\">Nom\u00e9s cobrem si vost\u00e8 cobra (previ estudi de viabilitat del cas).<\/span><\/li><\/ul><\/div>[\/vc_column_inner][vc_column_inner width=&#8221;7\/12&#8243; css=&#8221;.vc_custom_1613122308446{background-image: url(http:\/\/solernaharro.com\/wp-content\/uploads\/2021\/02\/doctor-is-going-to-examine-his-patient-using-his-stethoscope-over-sitting-people.jpg?aneu=749) !important;background-position: center !important;background-repeat: no-repeat !important;background-size: cover !important;}&#8221;][vc_empty_space height=&#8221;300px&#8221;][vc_empty_space height=&#8221;50px&#8221;][vc_empty_space height=&#8221;50px&#8221;][vc_empty_space height=&#8221;60px&#8221;][\/vc_column_inner][\/vc_row_inner][\/vc_column][\/vc_row][vc_row css_animation=&#8221;&#8221; row_type=&#8221;row&#8221; use_row_as_full_screen_section=&#8221;no&#8221; type=&#8221;grid&#8221; angled_section=&#8221;no&#8221; text_align=&#8221;left&#8221; background_image_as_pattern=&#8221;without_pattern&#8221; usi_row_as_full_screen_section=&#8221;no&#8221; z_index=&#8221;&#8221; padding_top=&#8221;60&#8243; padding_bottom=&#8221;50&#8243;][vc_column][vc_column_text]Qualsevol que sigui l&#8217;Especialitat m\u00e8dica a trav\u00e9s de l&#8217;assist\u00e8ncia de la qual ha sofert Vost\u00e8 una neglig\u00e8ncia o error m\u00e8dic, neurocirurgia, traumatologia, ginecologia i obstetr\u00edcia, cirurgia general, medicina oncol\u00f2gica, tant en <strong><span style=\"color: #710000;\">Centre Privat o per M\u00fatua privada metgessa o pels Centres Hospitalaris de la Seguretat Social<\/span>, els nostres Advocats Especialistes en la mat\u00e8ria li donaran una primera cita a fi de valorar la seva situaci\u00f3 i estudiar la possible exist\u00e8ncia d&#8217;aquesta mala praxi<\/strong> i donar-li tota la informaci\u00f3 sobre el que pot ser reclamat com a indemnitzaci\u00f3 per tots els conceptes en atenci\u00f3 al seu cas.[\/vc_column_text][vc_empty_space height=&#8221;20px&#8221;][vc_column_text]Les despeses necess\u00e0ries, diferents als honoraris <strong>a resultat <\/strong>dels Advocats, com ara <strong>l&#8217;estudi previ de viabilitat del cas<\/strong>, dels Perits m\u00e8dics que li assisteixin en virtut del tipus d&#8217;Especialitat, es detallaran <strong>i li seran informats <\/strong>des del principi.[\/vc_column_text][\/vc_column][\/vc_row][vc_row css_animation=&#8221;&#8221; row_type=&#8221;row&#8221; use_row_as_full_screen_section=&#8221;no&#8221; type=&#8221;grid&#8221; angled_section=&#8221;no&#8221; text_align=&#8221;left&#8221; background_image_as_pattern=&#8221;without_pattern&#8221; enable_parallax=&#8221;true&#8221; parallax_background=&#8221;750&#8243; parallax_style=&#8221;fixed&#8221; usi_row_as_full_screen_section=&#8221;no&#8221; z_index=&#8221;&#8221; padding_top=&#8221;60&#8243; padding_bottom=&#8221;50&#8243;][vc_column][vc_empty_space height=&#8221;300px&#8221;][vc_empty_space height=&#8221;50px&#8221;][\/vc_column][\/vc_row][vc_row css_animation=&#8221;&#8221; row_type=&#8221;row&#8221; use_row_as_full_screen_section=&#8221;no&#8221; type=&#8221;grid&#8221; angled_section=&#8221;no&#8221; text_align=&#8221;left&#8221; background_image_as_pattern=&#8221;without_pattern&#8221; usi_row_as_full_screen_section=&#8221;no&#8221; z_index=&#8221;&#8221; padding_top=&#8221;60&#8243; padding_bottom=&#8221;50&#8243;][vc_column][vc_column_text]Comptem amb un <strong>Grup Pericial M\u00e8dic de primer ordre format per Metges de diferents Especialitats i Valoradores del Mal Corporal<\/strong>, la missi\u00f3 del qual juntament amb l&#8217;assessorament i coordinaci\u00f3 dels nostres Advocats, consistir\u00e0 a valorar l&#8217;assist\u00e8ncia rebuda i establir els fets objecte de mala praxi, aix\u00ed com valorar la totalitat del seu mal, sent finalment els Advocats els que valoraran econ\u00f2micament aquest mal xifrant la indemnitzaci\u00f3 final a reclamar.[\/vc_column_text][vc_empty_space height=&#8221;20px&#8221;][vc_column_text]<span style=\"color: #710000;\"><strong>Necessita l&#8217;ajuda d&#8217;un Bufet d&#8217;Advocats especialitzats en mala praxi m\u00e8dica o neglig\u00e8ncies m\u00e8diques<\/strong><\/span>? Deixi el seu cas a les nostres mans i l&#8217;ajudarem a tirar endavant. <strong>Ens implicarem<\/strong> per a assegurar-li un futur amb les garanties econ\u00f2miques corresponents. I al final, entre tots, aconseguirem que superi aquesta dif\u00edcil etapa de la seva vida.[\/vc_column_text][\/vc_column][\/vc_row][vc_row css_animation=&#8221;&#8221; row_type=&#8221;row&#8221; use_row_as_full_screen_section=&#8221;no&#8221; type=&#8221;grid&#8221; angled_section=&#8221;no&#8221; text_align=&#8221;left&#8221; background_image_as_pattern=&#8221;without_pattern&#8221; enable_parallax=&#8221;true&#8221; parallax_background=&#8221;659&#8243; parallax_style=&#8221;fixed&#8221; usi_row_as_full_screen_section=&#8221;no&#8221; z_index=&#8221;&#8221; padding_top=&#8221;60&#8243; padding_bottom=&#8221;50&#8243;][vc_column][vc_empty_space height=&#8221;300px&#8221;][vc_empty_space height=&#8221;50px&#8221;][\/vc_column][\/vc_row][vc_row css_animation=&#8221;&#8221; row_type=&#8221;row&#8221; use_row_as_full_screen_section=&#8221;no&#8221; type=&#8221;grid&#8221; angled_section=&#8221;no&#8221; text_align=&#8221;left&#8221; background_image_as_pattern=&#8221;without_pattern&#8221; usi_row_as_full_screen_section=&#8221;no&#8221; z_index=&#8221;&#8221; padding_top=&#8221;60&#8243; padding_bottom=&#8221;50&#8243;][vc_column][vc_column_text]Per desgr\u00e0cia les persones, i els Metges ho s\u00f3n, poden cometre errors en l&#8217;acompliment de la seva professi\u00f3. Aix\u00ed, tamb\u00e9 els Metges encara que, en aquest cas, l&#8217;error o la deficient assist\u00e8ncia solen suposar un mal personal incalculable per al pacient i la seva fam\u00edlia. <strong>Si Vost\u00e8 ha sofert un error o retard de diagn\u00f2stic, una deficient intervenci\u00f3 quir\u00fargica o un tractament inadequat, ha de saber que pot defensar els seus drets i interessos com perjudicat i obtenir una <span style=\"color: #710000;\">indemnitzaci\u00f3 per neglig\u00e8ncia m\u00e8dica<\/span><\/strong>. Confi\u00ef en Bufet Soler Naharro per a aix\u00f2; som un despatx d&#8217;Advocats amb m\u00e9s de vint-i-cinc anys d&#8217;experi\u00e8ncia.[\/vc_column_text][vc_empty_space height=&#8221;20px&#8221;][vc_column_text]Comptem amb un equip <strong>multidisciplinari orientat a l&#8217;assessorament m\u00e0ximament especialitzat en indemnitzacions per neglig\u00e8ncies m\u00e8diques<\/strong>. Un grup coordinat d&#8217;Advocats i Perits M\u00e8dics especialitzats a la seva disposici\u00f3 que li orientaran en tot moment i es preocuparan que Vost\u00e8 no tingui cap dubte en el proc\u00e9s de reclamaci\u00f3 del seu cas. <strong>I tot aix\u00f2 des d&#8217;un tracte personal i suport hum\u00e0 reals.<\/strong>[\/vc_column_text][\/vc_column][\/vc_row][vc_row css_animation=&#8221;&#8221; row_type=&#8221;row&#8221; use_row_as_full_screen_section=&#8221;no&#8221; type=&#8221;grid&#8221; angled_section=&#8221;no&#8221; text_align=&#8221;left&#8221; background_image_as_pattern=&#8221;without_pattern&#8221; enable_parallax=&#8221;true&#8221; parallax_background=&#8221;605&#8243; parallax_style=&#8221;fixed&#8221; usi_row_as_full_screen_section=&#8221;no&#8221; z_index=&#8221;&#8221; padding_top=&#8221;60&#8243; padding_bottom=&#8221;50&#8243;][vc_column][vc_empty_space height=&#8221;300px&#8221;][vc_empty_space height=&#8221;50px&#8221;][\/vc_column][\/vc_row][vc_row css_animation=&#8221;&#8221; row_type=&#8221;row&#8221; use_row_as_full_screen_section=&#8221;no&#8221; type=&#8221;grid&#8221; angled_section=&#8221;no&#8221; text_align=&#8221;left&#8221; background_image_as_pattern=&#8221;without_pattern&#8221; usi_row_as_full_screen_section=&#8221;no&#8221; z_index=&#8221;&#8221; padding_top=&#8221;60&#8243; padding_bottom=&#8221;50&#8243;][vc_column][vc_column_text]La nostra primera visita permetr\u00e0 fixar les bases de l&#8217;exist\u00e8ncia de mala praxi i els diferents conceptes de la indemnitzaci\u00f3 a reclamar. <strong>Sempre ser\u00e0 Vost\u00e8 el que, amb el nostre degut assessorament i informaci\u00f3, decidir\u00e0 les accions a emprendre o no, des de la reclamaci\u00f3 amistosa, fins a la demanda judicial<\/strong>.[\/vc_column_text][\/vc_column][\/vc_row][vc_row css_animation=&#8221;&#8221; row_type=&#8221;row&#8221; use_row_as_full_screen_section=&#8221;no&#8221; type=&#8221;grid&#8221; angled_section=&#8221;no&#8221; text_align=&#8221;left&#8221; background_image_as_pattern=&#8221;without_pattern&#8221; usi_row_as_full_screen_section=&#8221;no&#8221; z_index=&#8221;&#8221; css=&#8221;.vc_custom_1612887507678{margin-right: 0px !important;margin-left: 0px !important;padding-right: 0px !important;padding-left: 0px !important;}&#8221;][vc_column width=&#8221;7\/12&#8243;][vc_column_text]<strong>El nostre major desig \u00e9s que Vost\u00e8 es reposi de les seves lesions i seq\u00fceles produ\u00efdes per l&#8217;error o neglig\u00e8ncia m\u00e8dica<\/strong>, per\u00f2 no hi ha dubte que la compensaci\u00f3 econ\u00f2mica dels perjudicis ajuda a suportar la situaci\u00f3, sufragar les despeses necess\u00e0ries que aquest succ\u00e9s li hagi suposat i que li pugui suposar de futur i pal\u00b7liar les p\u00e8rdues f\u00edsiques i emocionals patides. <strong>Ens encarregarem de determinar i reclamar la m\u00e0xima indemnitzaci\u00f3 per neglig\u00e8ncia m\u00e8dica en cada cas i lluitarem per aconseguir-la i pels seus interessos fins al final. <span style=\"color: #710000;\">I nom\u00e9s cobrarem una vegada Vost\u00e8 hagi cobrat. (previ estudi de viabilitat del cas).<\/span><\/strong>[\/vc_column_text][vc_empty_space height=&#8221;20px&#8221;][vc_column_text]Li recomanem que, una vegada superi els primers passos despr\u00e9s de la neglig\u00e8ncia m\u00e8dica i es trobi f\u00edsica i an\u00edmicament preparat per a aix\u00f2, vingui a visitar-nos i dese orientar per professionals <strong>que tindran, com a \u00fanic objectiu, que Vost\u00e8 rescati el somriure, o almenys la tranquil\u00b7litat, que mai degu\u00e9 perdre<\/strong>. S\u00f3n situacions vitals dif\u00edcils i desagradables, per\u00f2 estem segurs que el saber qu\u00e8 li ha passat, el reconeixement del que li ha passat, i el <strong>lluitar i aconseguir la m\u00e0xima possible indemnitzaci\u00f3 en atenci\u00f3 al seu cas, li far\u00e0 veure i assumir el futur amb major tranquil\u00b7litat, esperan\u00e7a i seguretat econ\u00f2mica<\/strong>.<\/p>\n<p><span style=\"color: #710000;\"><strong>El nostre desig \u00e9s aconseguir-lo, Accepta el repte?<\/strong><\/span>[\/vc_column_text][vc_empty_space height=&#8221;40px&#8221;][vc_single_image image=&#8221;638&#8243; img_size=&#8221;full&#8221; alignment=&#8221;center&#8221; qode_css_animation=&#8221;&#8221;][vc_empty_space height=&#8221;40px&#8221;][vc_row_inner row_type=&#8221;row&#8221; type=&#8221;full_width&#8221; text_align=&#8221;left&#8221; css_animation=&#8221;&#8221;][vc_column_inner el_class=&#8221;servicios2&#8243; css=&#8221;.vc_custom_1612887283386{padding-top: 40px !important;padding-right: 40px !important;padding-bottom: 40px !important;padding-left: 40px !important;}&#8221;][vc_column_text]<strong>Anirem tots en el mateix vaixell per a aconseguir dues coses fonamentals per a Vost\u00e8 en aquestes circumst\u00e0ncies: que es reconegui el que va succeir i que resulti indemnitzat en la major quantitat possible a reclamar sobre la base del seu cas concret.<\/strong><\/p>\n<p>&nbsp;<\/p>\n<p><span style=\"color: #710000;\"><strong>Dipositi en nosaltres la seva confian\u00e7a i li ho demostrarem!<\/strong><\/span>[\/vc_column_text][\/vc_column_inner][\/vc_row_inner][vc_empty_space height=&#8221;50px&#8221;][\/vc_column][vc_column width=&#8221;1\/12&#8243;][\/vc_column][vc_column width=&#8221;1\/3&#8243; css=&#8221;.vc_custom_1612887514186{margin-right: 0px !important;margin-left: 0px !important;padding-right: 0px !important;padding-left: 0px !important;}&#8221;][vc_column_text]<\/p>\n<p class=\"tituloform\" style=\"text-align: center;\"><span style=\"color: #710000;\">Ens explica el seu cas?<\/span><\/p>\n<p>[\/vc_column_text][vc_empty_space height=&#8221;20px&#8221; css=&#8221;.vc_custom_1612886833805{margin-top: 0px !important;margin-right: 0px !important;margin-bottom: 0px !important;margin-left: 0px !important;padding-top: 0px !important;padding-right: 0px !important;padding-bottom: 0px !important;padding-left: 0px !important;}&#8221;][vc_empty_space height=&#8221;20px&#8221; css=&#8221;.vc_custom_1612886833805{margin-top: 0px !important;margin-right: 0px !important;margin-bottom: 0px !important;margin-left: 0px !important;padding-top: 0px !important;padding-right: 0px !important;padding-bottom: 0px !important;padding-left: 0px !important;}&#8221;][vc_row_inner row_type=&#8221;row&#8221; type=&#8221;full_width&#8221; text_align=&#8221;left&#8221; css_animation=&#8221;&#8221; css=&#8221;.vc_custom_1612887745290{margin-right: 0px !important;margin-left: 0px !important;}&#8221;][vc_column_inner css=&#8221;.vc_custom_1612887657447{padding-top: 30px !important;padding-right: 30px !important;padding-bottom: 30px !important;padding-left: 30px !important;background-color: #cfcfcf !important;}&#8221;]\n<div class=\"wpcf7 no-js\" id=\"wpcf7-f842-o1\" lang=\"es-ES\" dir=\"ltr\" data-wpcf7-id=\"842\">\n<div class=\"screen-reader-response\"><p role=\"status\" aria-live=\"polite\" aria-atomic=\"true\"><\/p> <ul><\/ul><\/div>\n<form action=\"\/ca\/wp-json\/wp\/v2\/pages\/794#wpcf7-f842-o1\" method=\"post\" class=\"wpcf7-form init default\" aria-label=\"Formulario de contacto\" novalidate=\"novalidate\" data-status=\"init\">\n<fieldset class=\"hidden-fields-container\"><input type=\"hidden\" name=\"_wpcf7\" value=\"842\" \/><input type=\"hidden\" name=\"_wpcf7_version\" value=\"6.1.1\" \/><input type=\"hidden\" name=\"_wpcf7_locale\" value=\"es_ES\" \/><input type=\"hidden\" name=\"_wpcf7_unit_tag\" value=\"wpcf7-f842-o1\" \/><input type=\"hidden\" name=\"_wpcf7_container_post\" value=\"0\" \/><input type=\"hidden\" name=\"_wpcf7_posted_data_hash\" value=\"\" \/><input type=\"hidden\" name=\"_wpcf7_recaptcha_response\" value=\"\" \/>\n<\/fieldset>\n<p><span class=\"wpcf7-form-control-wrap\" data-name=\"your-name\"><input size=\"40\" maxlength=\"400\" class=\"wpcf7-form-control wpcf7-text wpcf7-validates-as-required\" aria-required=\"true\" aria-invalid=\"false\" placeholder=\"Nom i Cognoms\" value=\"\" type=\"text\" name=\"your-name\" \/><\/span><br \/>\n<span class=\"wpcf7-form-control-wrap\" data-name=\"your-email\"><input size=\"40\" maxlength=\"400\" class=\"wpcf7-form-control wpcf7-email wpcf7-validates-as-required wpcf7-text wpcf7-validates-as-email\" aria-required=\"true\" aria-invalid=\"false\" placeholder=\"Email\" value=\"\" type=\"email\" name=\"your-email\" \/><\/span><br \/>\n<span class=\"wpcf7-form-control-wrap\" data-name=\"your-subject\"><input size=\"40\" maxlength=\"400\" class=\"wpcf7-form-control wpcf7-text wpcf7-validates-as-required\" aria-required=\"true\" aria-invalid=\"false\" placeholder=\"Tel\u00e8fon\" value=\"\" type=\"text\" name=\"your-subject\" \/><\/span>\n<\/p>\n<p><span class=\"wpcf7-form-control-wrap\" data-name=\"your-message\"><textarea cols=\"40\" rows=\"10\" maxlength=\"2000\" class=\"wpcf7-form-control wpcf7-textarea\" aria-invalid=\"false\" placeholder=\"En qu\u00e8 podem ajudar-te?\" name=\"your-message\"><\/textarea><\/span>\n<\/p>\n<div class=\"int\">\n\t<p><input class=\"wpcf7-form-control wpcf7-submit has-spinner\" type=\"submit\" value=\"Rebre informaci\u00f3\" \/>\n\t<\/p>\n<\/div>\n<div style=\"padding-top:20px;\">\n\t<p><span class=\"wpcf7-form-control-wrap\" data-name=\"acceptance-130\"><span class=\"wpcf7-form-control wpcf7-acceptance optional\"><span class=\"wpcf7-list-item\"><label><input type=\"checkbox\" name=\"acceptance-130\" value=\"1\" aria-invalid=\"false\" \/><span class=\"wpcf7-list-item-label\"><span style=\"font-size:14px\">Accepto la <a href=\"\/ca\/avis-legal\/\" target=\"_blank\">pol\u00edtica de privacitat<\/a><\/span><\/span><\/label><\/span><\/span><\/span>\n\t<\/p>\n<\/div><div class=\"wpcf7-response-output\" aria-hidden=\"true\"><\/div>\n<\/form>\n<\/div>\n[\/vc_column_inner][\/vc_row_inner][vc_empty_space css=&#8221;.vc_custom_1612886661116{margin-top: 0px !important;margin-right: 0px !important;margin-bottom: 0px !important;margin-left: 0px !important;padding-top: 0px !important;padding-right: 0px !important;padding-bottom: 0px !important;padding-left: 0px !important;background-color: #a8a8a8 !important;}&#8221;][\/vc_column][\/vc_row][vc_row css_animation=&#8221;&#8221; row_type=&#8221;row&#8221; use_row_as_full_screen_section=&#8221;no&#8221; type=&#8221;grid&#8221; angled_section=&#8221;no&#8221; text_align=&#8221;left&#8221; background_image_as_pattern=&#8221;without_pattern&#8221; usi_row_as_full_screen_section=&#8221;no&#8221; z_index=&#8221;&#8221;][vc_column][vc_empty_space height=&#8221;50px&#8221;][\/vc_column][\/vc_row]<\/p>\n","protected":false},"excerpt":{"rendered":"<p>[vc_row css_animation=&#8221;&#8221; row_type=&#8221;row&#8221; use_row_as_full_screen_section=&#8221;no&#8221; type=&#8221;grid&#8221; angled_section=&#8221;no&#8221; text_align=&#8221;left&#8221; background_image_as_pattern=&#8221;without_pattern&#8221; z_index=&#8221;&#8221; background_color=&#8221;#000000&#8243; padding_top=&#8221;0&#8243; padding_bottom=&#8221;0&#8243;][vc_column offset=&#8221;vc_hidden-sm vc_hidden-xs&#8221;][vc_empty_space height=&#8221;20px&#8221; css=&#8221;.vc_custom_1612886833805{margin-top: 0px !important;margin-right: 0px !important;margin-bottom: 0px !important;margin-left: 0px !important;padding-top: 0px !important;padding-right: 0px !important;padding-bottom: 0px !important;padding-left: 0px !important;}&#8221;][vc_raw_html]JTNDaDElMjBjbGFzcyUzRCUyMnRpdHVsb3NlcnZpY2lvJTIyJTNFQWR2b2NhdHMlMjBOZWdsaWclQzMlQThuY2llcyUyME0lQzMlQThkaXF1ZXMlMjAlM0MlMkZoMSUzRSUzQ3AlMjBjbGFzcyUzRCUyMmNsYXZlJTIyJTNFJTNDaW1nJTIwY2xhc3MlM0QlMjJpbWdoMSUyMiUyMHNyYyUzRCUyMiUyRndwLWNvbnRlbnQlMkZ1cGxvYWRzJTJGMjAyMSUyRjAyJTJGbWVkMmIucG5nJTIyJTIwJTVDJTNFJTNDJTJGcCUzRQ==[\/vc_raw_html][vc_empty_space height=&#8221;20px&#8221; css=&#8221;.vc_custom_1612886833805{margin-top: 0px !important;margin-right: 0px !important;margin-bottom: 0px !important;margin-left: 0px !important;padding-top: 0px !important;padding-right: 0px<\/p>\n","protected":false},"author":1,"featured_media":0,"parent":0,"menu_order":0,"comment_status":"closed","ping_status":"closed","template":"full_width.php","meta":{"footnotes":""},"class_list":["post-794","page","type-page","status-publish","hentry"],"yoast_head":"<!-- This site is optimized with the Yoast SEO plugin v25.7 - https:\/\/yoast.com\/wordpress\/plugins\/seo\/ -->\n<title>Advocats Neglig\u00e8ncies M\u00e8diques - Soler Naharro<\/title>\n<meta name=\"robots\" content=\"index, follow, max-snippet:-1, max-image-preview:large, max-video-preview:-1\" \/>\n<link rel=\"canonical\" href=\"https:\/\/solernaharro.com\/ca\/abogados-negligencias-medicas\/\" \/>\n<meta property=\"og:locale\" content=\"ca_ES\" \/>\n<meta property=\"og:type\" content=\"article\" \/>\n<meta property=\"og:title\" content=\"Advocats Neglig\u00e8ncies M\u00e8diques - Soler Naharro\" \/>\n<meta property=\"og:description\" content=\"[vc_row css_animation=&#8221;&#8221; row_type=&#8221;row&#8221; use_row_as_full_screen_section=&#8221;no&#8221; type=&#8221;grid&#8221; angled_section=&#8221;no&#8221; text_align=&#8221;left&#8221; background_image_as_pattern=&#8221;without_pattern&#8221; z_index=&#8221;&#8221; background_color=&#8221;#000000&#8243; padding_top=&#8221;0&#8243; padding_bottom=&#8221;0&#8243;][vc_column offset=&#8221;vc_hidden-sm vc_hidden-xs&#8221;][vc_empty_space height=&#8221;20px&#8221; css=&#8221;.vc_custom_1612886833805{margin-top: 0px !important;margin-right: 0px !important;margin-bottom: 0px !important;margin-left: 0px !important;padding-top: 0px !important;padding-right: 0px !important;padding-bottom: 0px !important;padding-left: 0px !important;}&#8221;][vc_raw_html]JTNDaDElMjBjbGFzcyUzRCUyMnRpdHVsb3NlcnZpY2lvJTIyJTNFQWR2b2NhdHMlMjBOZWdsaWclQzMlQThuY2llcyUyME0lQzMlQThkaXF1ZXMlMjAlM0MlMkZoMSUzRSUzQ3AlMjBjbGFzcyUzRCUyMmNsYXZlJTIyJTNFJTNDaW1nJTIwY2xhc3MlM0QlMjJpbWdoMSUyMiUyMHNyYyUzRCUyMiUyRndwLWNvbnRlbnQlMkZ1cGxvYWRzJTJGMjAyMSUyRjAyJTJGbWVkMmIucG5nJTIyJTIwJTVDJTNFJTNDJTJGcCUzRQ==[\/vc_raw_html][vc_empty_space height=&#8221;20px&#8221; css=&#8221;.vc_custom_1612886833805{margin-top: 0px !important;margin-right: 0px !important;margin-bottom: 0px !important;margin-left: 0px !important;padding-top: 0px !important;padding-right: 0px\" \/>\n<meta property=\"og:url\" content=\"https:\/\/solernaharro.com\/abogados-negligencias-medicas\/\" \/>\n<meta property=\"og:site_name\" content=\"Soler Naharro\" \/>\n<meta property=\"article:modified_time\" content=\"2024-09-02T15:05:10+00:00\" \/>\n<meta name=\"twitter:card\" content=\"summary_large_image\" \/>\n<meta name=\"twitter:label1\" content=\"Temps estimat de lectura\" \/>\n\t<meta name=\"twitter:data1\" content=\"6 minuts\" \/>\n<script type=\"application\/ld+json\" class=\"yoast-schema-graph\">{\"@context\":\"https:\/\/schema.org\",\"@graph\":[{\"@type\":\"WebPage\",\"@id\":\"https:\/\/solernaharro.com\/abogados-negligencias-medicas\/\",\"url\":\"https:\/\/solernaharro.com\/abogados-negligencias-medicas\/\",\"name\":\"Advocats Neglig\u00e8ncies M\u00e8diques - Soler Naharro\",\"isPartOf\":{\"@id\":\"https:\/\/solernaharro.com\/#website\"},\"datePublished\":\"2021-02-12T09:37:31+00:00\",\"dateModified\":\"2024-09-02T15:05:10+00:00\",\"breadcrumb\":{\"@id\":\"https:\/\/solernaharro.com\/abogados-negligencias-medicas\/#breadcrumb\"},\"inLanguage\":\"ca\",\"potentialAction\":[{\"@type\":\"ReadAction\",\"target\":[\"https:\/\/solernaharro.com\/abogados-negligencias-medicas\/\"]}]},{\"@type\":\"BreadcrumbList\",\"@id\":\"https:\/\/solernaharro.com\/abogados-negligencias-medicas\/#breadcrumb\",\"itemListElement\":[{\"@type\":\"ListItem\",\"position\":1,\"name\":\"Portada\",\"item\":\"https:\/\/solernaharro.com\/ca\/\"},{\"@type\":\"ListItem\",\"position\":2,\"name\":\"Advocats Neglig\u00e8ncies M\u00e8diques\"}]},{\"@type\":\"WebSite\",\"@id\":\"https:\/\/solernaharro.com\/#website\",\"url\":\"https:\/\/solernaharro.com\/\",\"name\":\"Soler Naharro\",\"description\":\"Abogados en Barcelona expertos en accidentes de tr\u00e1fico y negligencias m\u00e9dicas\",\"potentialAction\":[{\"@type\":\"SearchAction\",\"target\":{\"@type\":\"EntryPoint\",\"urlTemplate\":\"https:\/\/solernaharro.com\/?s={search_term_string}\"},\"query-input\":{\"@type\":\"PropertyValueSpecification\",\"valueRequired\":true,\"valueName\":\"search_term_string\"}}],\"inLanguage\":\"ca\"}]}<\/script>\n<!-- \/ Yoast SEO plugin. -->","yoast_head_json":{"title":"Advocats Neglig\u00e8ncies M\u00e8diques - Soler Naharro","robots":{"index":"index","follow":"follow","max-snippet":"max-snippet:-1","max-image-preview":"max-image-preview:large","max-video-preview":"max-video-preview:-1"},"canonical":"https:\/\/solernaharro.com\/ca\/abogados-negligencias-medicas\/","og_locale":"ca_ES","og_type":"article","og_title":"Advocats Neglig\u00e8ncies M\u00e8diques - Soler Naharro","og_description":"[vc_row css_animation=&#8221;&#8221; row_type=&#8221;row&#8221; use_row_as_full_screen_section=&#8221;no&#8221; type=&#8221;grid&#8221; angled_section=&#8221;no&#8221; text_align=&#8221;left&#8221; background_image_as_pattern=&#8221;without_pattern&#8221; z_index=&#8221;&#8221; background_color=&#8221;#000000&#8243; padding_top=&#8221;0&#8243; padding_bottom=&#8221;0&#8243;][vc_column offset=&#8221;vc_hidden-sm vc_hidden-xs&#8221;][vc_empty_space height=&#8221;20px&#8221; css=&#8221;.vc_custom_1612886833805{margin-top: 0px !important;margin-right: 0px !important;margin-bottom: 0px !important;margin-left: 0px !important;padding-top: 0px !important;padding-right: 0px !important;padding-bottom: 0px !important;padding-left: 0px !important;}&#8221;][vc_raw_html]JTNDaDElMjBjbGFzcyUzRCUyMnRpdHVsb3NlcnZpY2lvJTIyJTNFQWR2b2NhdHMlMjBOZWdsaWclQzMlQThuY2llcyUyME0lQzMlQThkaXF1ZXMlMjAlM0MlMkZoMSUzRSUzQ3AlMjBjbGFzcyUzRCUyMmNsYXZlJTIyJTNFJTNDaW1nJTIwY2xhc3MlM0QlMjJpbWdoMSUyMiUyMHNyYyUzRCUyMiUyRndwLWNvbnRlbnQlMkZ1cGxvYWRzJTJGMjAyMSUyRjAyJTJGbWVkMmIucG5nJTIyJTIwJTVDJTNFJTNDJTJGcCUzRQ==[\/vc_raw_html][vc_empty_space height=&#8221;20px&#8221; css=&#8221;.vc_custom_1612886833805{margin-top: 0px !important;margin-right: 0px !important;margin-bottom: 0px !important;margin-left: 0px !important;padding-top: 0px !important;padding-right: 0px","og_url":"https:\/\/solernaharro.com\/abogados-negligencias-medicas\/","og_site_name":"Soler Naharro","article_modified_time":"2024-09-02T15:05:10+00:00","twitter_card":"summary_large_image","twitter_misc":{"Temps estimat de lectura":"6 minuts"},"schema":{"@context":"https:\/\/schema.org","@graph":[{"@type":"WebPage","@id":"https:\/\/solernaharro.com\/abogados-negligencias-medicas\/","url":"https:\/\/solernaharro.com\/abogados-negligencias-medicas\/","name":"Advocats Neglig\u00e8ncies M\u00e8diques - Soler Naharro","isPartOf":{"@id":"https:\/\/solernaharro.com\/#website"},"datePublished":"2021-02-12T09:37:31+00:00","dateModified":"2024-09-02T15:05:10+00:00","breadcrumb":{"@id":"https:\/\/solernaharro.com\/abogados-negligencias-medicas\/#breadcrumb"},"inLanguage":"ca","potentialAction":[{"@type":"ReadAction","target":["https:\/\/solernaharro.com\/abogados-negligencias-medicas\/"]}]},{"@type":"BreadcrumbList","@id":"https:\/\/solernaharro.com\/abogados-negligencias-medicas\/#breadcrumb","itemListElement":[{"@type":"ListItem","position":1,"name":"Portada","item":"https:\/\/solernaharro.com\/ca\/"},{"@type":"ListItem","position":2,"name":"Advocats Neglig\u00e8ncies M\u00e8diques"}]},{"@type":"WebSite","@id":"https:\/\/solernaharro.com\/#website","url":"https:\/\/solernaharro.com\/","name":"Soler Naharro","description":"Abogados en Barcelona expertos en accidentes de tr\u00e1fico y negligencias m\u00e9dicas","potentialAction":[{"@type":"SearchAction","target":{"@type":"EntryPoint","urlTemplate":"https:\/\/solernaharro.com\/?s={search_term_string}"},"query-input":{"@type":"PropertyValueSpecification","valueRequired":true,"valueName":"search_term_string"}}],"inLanguage":"ca"}]}},"_links":{"self":[{"href":"https:\/\/solernaharro.com\/ca\/wp-json\/wp\/v2\/pages\/794","targetHints":{"allow":["GET"]}}],"collection":[{"href":"https:\/\/solernaharro.com\/ca\/wp-json\/wp\/v2\/pages"}],"about":[{"href":"https:\/\/solernaharro.com\/ca\/wp-json\/wp\/v2\/types\/page"}],"author":[{"embeddable":true,"href":"https:\/\/solernaharro.com\/ca\/wp-json\/wp\/v2\/users\/1"}],"replies":[{"embeddable":true,"href":"https:\/\/solernaharro.com\/ca\/wp-json\/wp\/v2\/comments?post=794"}],"version-history":[{"count":6,"href":"https:\/\/solernaharro.com\/ca\/wp-json\/wp\/v2\/pages\/794\/revisions"}],"predecessor-version":[{"id":1195,"href":"https:\/\/solernaharro.com\/ca\/wp-json\/wp\/v2\/pages\/794\/revisions\/1195"}],"wp:attachment":[{"href":"https:\/\/solernaharro.com\/ca\/wp-json\/wp\/v2\/media?parent=794"}],"curies":[{"name":"wp","href":"https:\/\/api.w.org\/{rel}","templated":true}]}}